{"id":14472,"date":"2021-09-16T16:49:23","date_gmt":"2021-09-16T14:49:23","guid":{"rendered":"https:\/\/www.flassaders.org\/?page_id=14472"},"modified":"2026-03-16T13:20:24","modified_gmt":"2026-03-16T12:20:24","slug":"club_de_lectura","status":"publish","type":"page","link":"https:\/\/www.flassaders.org\/es\/club_de_lectura\/","title":{"rendered":"Club de lectura"},"content":{"rendered":"<div class=\"flex_column av_one_full  flex_column_div av-zero-column-padding first  \" style='border-radius:0px; '><div class='avia-image-container  av-styling-    avia-align-center '  itemprop=\"ImageObject\" itemscope=\"itemscope\" itemtype=\"https:\/\/schema.org\/ImageObject\"  ><div class='avia-image-container-inner'><img class='avia_image ' src='https:\/\/www.flassaders.org\/wp-content\/uploads\/2022\/04\/club-lectura-flassaders.jpg' alt='' title='club-lectura-flassaders'   itemprop=\"thumbnailUrl\"  \/><\/div><\/div><\/div>\n<div class=\"flex_column av_one_half  flex_column_div av-zero-column-padding first  \" style='border-radius:0px; '><section class=\"av_textblock_section \"  itemscope=\"itemscope\" itemtype=\"https:\/\/schema.org\/CreativeWork\" ><div class='avia_textblock  '   itemprop=\"text\" ><h3 style=\"font-family: Ruda; font-size: 18pt; color: #222; font-weight: bold;\"><strong>Club de lectura<br \/>\n<\/strong><\/h3>\n<\/div><\/section><br \/>\n<section class=\"av_textblock_section \"  itemscope=\"itemscope\" itemtype=\"https:\/\/schema.org\/CreativeWork\" ><div class='avia_textblock  '   itemprop=\"text\" ><p class=\"p1\"><span style=\"font-family: Muli; font-size: 13pt;\">Encuentros quincenales dinamizados por la Germandat de mestres jubilats i mestres jubilades de les Illes Balears. Los jueves de 17.30 a 19.00h en el Centro Flassaders.<br \/>\n<\/span><\/p>\n<p class=\"p1\"><span style=\"font-family: Muli; font-size: 13pt;\">Aforo limitado. Inscripciones rellenando el formulario disponible a continuaci\u00f3n o en el 971 21 40 27 .<\/span><\/p>\n<\/div><\/section><br \/>\n<div class='avia-button-wrap avia-button-left '><a href='https:\/\/docs.google.com\/forms\/d\/e\/1FAIpQLSdSpi1YnOgp2-qruYM40i4F40kyVsbagYfk7wb1Da8SkYh6-A\/viewform?usp=sf_link' class='avia-button   avia-icon_select-no avia-color-theme-color avia-size-small avia-position-left '   ><span class='avia_iconbox_title' >INSCR\u00cdBETE<\/span><\/a><\/div><\/p><\/div>\n<div class=\"flex_column av_one_half  flex_column_div av-zero-column-padding   \" style='border-radius:0px; '><section class=\"av_textblock_section \"  itemscope=\"itemscope\" itemtype=\"https:\/\/schema.org\/CreativeWork\" ><div class='avia_textblock  '   itemprop=\"text\" ><p class=\"p1\"><span style=\"font-family: Ruda; font-size: 13pt;\"><strong>CALENDARIO 2025-2026<\/strong><br \/>\n<\/span><span style=\"font-family: Muli; font-size: 13pt;\">&#8211; 9 y 23 de octubre<br \/>\n&#8211; 6 y 20 de noviembre<br \/>\n&#8211; 4 y 18 de diciembre<br \/>\n&#8211; 15 y 29 de enero<br \/>\n&#8211; 12 y 26 de febrero<br \/>\n&#8211; 12 y 26 de marzo<br \/>\n&#8211; 16 y 30 de abril<br \/>\n&#8211; 15 y 28 de mayo<br \/>\n<\/span><\/p>\n<\/div><\/section><\/div><\/div><\/div><\/div><!-- close content main div --><\/div><\/div><div id='av_section_1' class='avia-section main_color avia-section-default avia-no-shadow avia-bg-style-scroll   container_wrap fullsize'   ><div class='container' ><div class='template-page content  av-content-full alpha units'><div class='post-entry post-entry-type-page post-entry-14472'><div class='entry-content-wrapper clearfix'>\n<div class=\"flex_column av_one_half  flex_column_div av-zero-column-padding first  \" style='border-radius:0px; '><div class='avia-image-container  av-styling-no-styling    avia-align-center '  itemprop=\"ImageObject\" itemscope=\"itemscope\" itemtype=\"https:\/\/schema.org\/ImageObject\"  ><div class='avia-image-container-inner'><a href='https:\/\/www.flassaders.org\/wp-content\/uploads\/2026\/03\/Los-carniceros.jpg' class='avia_image'  ><img class='avia_image ' src='https:\/\/www.flassaders.org\/wp-content\/uploads\/2026\/03\/Los-carniceros-204x300.jpg' alt='' title='Los carniceros.'  itemprop=\"thumbnailUrl\"  \/><\/a><\/div><\/div><\/div><div class=\"flex_column av_one_half  flex_column_div av-zero-column-padding   \" style='border-radius:0px; '><section class=\"av_textblock_section \"  itemscope=\"itemscope\" itemtype=\"https:\/\/schema.org\/CreativeWork\" ><div class='avia_textblock  '   itemprop=\"text\" ><h3 style=\"font-family: Ruda; font-size: 18pt; color: #222; font-weight: bold;\"><strong>28 de mayo: \u00ab<b>Los carniceros\u00bb<\/b><\/strong><\/h3>\n<h5 style=\"font-family: Ruda; font-size: 13pt; color: #222;\"><\/h5>\n<h5 style=\"font-family: Ruda; font-size: 13pt; color: #222;\"><b>Guillem Frontera (1968)<\/b><\/h5>\n<\/div><\/section><br \/>\n<section class=\"av_textblock_section \"  itemscope=\"itemscope\" itemtype=\"https:\/\/schema.org\/CreativeWork\" ><div class='avia_textblock  '   itemprop=\"text\" ><p class=\"p1\"><span style=\"font-family: Muli; font-size: 13pt;\">Ambientada en la Mallorca de los a\u00f1os 60, cuando el turismo empieza a transformar la sociedad y la econom\u00eda de la isla. La novela retrata el cambio de estatus y las aspiraciones de dos familias en medio de esa nueva realidad.<\/span><\/p>\n<\/div><\/section><\/p><\/div><\/div><\/div><\/div><!-- close content main div --><\/div><\/div><div id='av_section_2' class='avia-section main_color avia-section-default avia-no-shadow avia-bg-style-scroll   container_wrap fullsize'   ><div class='container' ><div class='template-page content  av-content-full alpha units'><div class='post-entry post-entry-type-page post-entry-14472'><div class='entry-content-wrapper clearfix'>\n<div class=\"flex_column av_one_half  flex_column_div av-zero-column-padding first  \" style='border-radius:0px; '><section class=\"av_textblock_section \"  itemscope=\"itemscope\" itemtype=\"https:\/\/schema.org\/CreativeWork\" ><div class='avia_textblock  '   itemprop=\"text\" ><h3 style=\"font-family: Ruda; font-size: 18pt; color: #222; font-weight: bold;\"><strong>15 de mayo: \u00ab<b>Una habitaci\u00f3n con vistas\u00bb<\/b><\/strong><\/h3>\n<h5 style=\"font-family: Ruda; font-size: 13pt; color: #222;\"><\/h5>\n<h5 style=\"font-family: Ruda; font-size: 13pt; color: #222;\"><b>Edward Morgan Foster (1908)<\/b><\/h5>\n<\/div><\/section><br \/>\n<section class=\"av_textblock_section \"  itemscope=\"itemscope\" itemtype=\"https:\/\/schema.org\/CreativeWork\" ><div class='avia_textblock  '   itemprop=\"text\" ><p class=\"p1\"><span style=\"font-family: Muli; font-size: 13pt;\">Un elegante relato ambientado en los viajes que muchos brit\u00e1nicos realizaban por el sur de Europa a finales del siglo XIX y principios del XX. Una historia sobre descubrimiento personal, convenciones sociales y libertad.<\/span><\/p>\n<\/div><\/section><\/p><\/div><div class=\"flex_column av_one_half  flex_column_div av-zero-column-padding   \" style='border-radius:0px; '><div class='avia-image-container  av-styling-no-styling    avia-align-center '  itemprop=\"ImageObject\" itemscope=\"itemscope\" itemtype=\"https:\/\/schema.org\/ImageObject\"  ><div class='avia-image-container-inner'><a href='https:\/\/www.flassaders.org\/wp-content\/uploads\/2026\/03\/Una-habitacion-con-vistas.-Edward-Morgan-Foster-1908.jpg' class='avia_image'  ><img class='avia_image ' src='https:\/\/www.flassaders.org\/wp-content\/uploads\/2026\/03\/Una-habitacion-con-vistas.-Edward-Morgan-Foster-1908-175x300.jpg' alt='' title='Una habitaci\u00f3n con vistas. Edward Morgan Foster (1908)'  itemprop=\"thumbnailUrl\"  \/><\/a><\/div><\/div><\/div><\/div><\/div><\/div><!-- close content main div --><\/div><\/div><div id='av_section_3' class='avia-section main_color avia-section-default avia-no-shadow avia-bg-style-scroll   container_wrap fullsize'   ><div class='container' ><div class='template-page content  av-content-full alpha units'><div class='post-entry post-entry-type-page post-entry-14472'><div class='entry-content-wrapper clearfix'>\n<div class=\"flex_column av_one_half  flex_column_div av-zero-column-padding first  \" style='border-radius:0px; '><div class='avia-image-container  av-styling-no-styling    avia-align-center '  itemprop=\"ImageObject\" itemscope=\"itemscope\" itemtype=\"https:\/\/schema.org\/ImageObject\"  ><div class='avia-image-container-inner'><a href='https:\/\/www.flassaders.org\/wp-content\/uploads\/2026\/03\/no-me-gusta-mi-cuello.png' class='avia_image'  ><img class='avia_image ' src='https:\/\/www.flassaders.org\/wp-content\/uploads\/2026\/03\/no-me-gusta-mi-cuello.png' alt='' title='no me gusta mi cuello'  itemprop=\"thumbnailUrl\"  \/><\/a><\/div><\/div><\/div><div class=\"flex_column av_one_half  flex_column_div av-zero-column-padding   \" style='border-radius:0px; '><section class=\"av_textblock_section \"  itemscope=\"itemscope\" itemtype=\"https:\/\/schema.org\/CreativeWork\" ><div class='avia_textblock  '   itemprop=\"text\" ><h3 style=\"font-family: Ruda; font-size: 18pt; color: #222; font-weight: bold;\"><strong>30 de abril: \u00ab<b>No me gusta mi cuello<\/b>\u00ab<\/strong><\/h3>\n<h5 style=\"font-family: Ruda; font-size: 13pt; color: #222;\"><\/h5>\n<h5 style=\"font-family: Ruda; font-size: 13pt; color: #222;\"><b>Nora Ephron (2006)<\/b><\/h5>\n<\/div><\/section><br \/>\n<section class=\"av_textblock_section \"  itemscope=\"itemscope\" itemtype=\"https:\/\/schema.org\/CreativeWork\" ><div class='avia_textblock  '   itemprop=\"text\" ><p class=\"p1\"><span style=\"font-family: Muli; font-size: 13pt;\">Quince relatos autobiogr\u00e1ficos llenos de iron\u00eda y humor sobre la vida, el paso del tiempo y las peque\u00f1as obsesiones cotidianas. Una mirada l\u00facida y divertida de la reconocida guionista y directora de cine.<\/span><\/p>\n<\/div><\/section><\/p><\/div><\/div><\/div><\/div><!-- close content main div --><\/div><\/div><div id='av_section_4' class='avia-section main_color avia-section-default avia-no-shadow avia-bg-style-scroll   container_wrap fullsize'   ><div class='container' ><div class='template-page content  av-content-full alpha units'><div class='post-entry post-entry-type-page post-entry-14472'><div class='entry-content-wrapper clearfix'>\n<div class=\"flex_column av_one_half  flex_column_div av-zero-column-padding first  \" style='border-radius:0px; '><section class=\"av_textblock_section \"  itemscope=\"itemscope\" itemtype=\"https:\/\/schema.org\/CreativeWork\" ><div class='avia_textblock  '   itemprop=\"text\" ><h3 style=\"font-family: Ruda; font-size: 18pt; color: #222; font-weight: bold;\"><strong>16 de abril: \u00ab<b>El olvido que seremos<\/b>\u00ab<\/strong><\/h3>\n<h5 style=\"font-family: Ruda; font-size: 13pt; color: #222;\"><\/h5>\n<h5 style=\"font-family: Ruda; font-size: 13pt; color: #222;\"><b>H\u00e9ctor Abad Faciolince (2006)<\/b><\/h5>\n<\/div><\/section><br \/>\n<section class=\"av_textblock_section \"  itemscope=\"itemscope\" itemtype=\"https:\/\/schema.org\/CreativeWork\" ><div class='avia_textblock  '   itemprop=\"text\" ><p class=\"p1\"><span style=\"font-family: Muli; font-size: 13pt;\">Relato \u00edntimo y conmovedor sobre la vida del padre del autor, m\u00e9dico y defensor de los derechos humanos en Colombia. A trav\u00e9s de la historia de su familia, el libro ofrece tambi\u00e9n un retrato de la sociedad y la pol\u00edtica colombiana de los a\u00f1os 70 y 80.<\/span><\/p>\n<\/div><\/section><\/p><\/div><div class=\"flex_column av_one_half  flex_column_div av-zero-column-padding   \" style='border-radius:0px; '><div class='avia-image-container  av-styling-no-styling    avia-align-center '  itemprop=\"ImageObject\" itemscope=\"itemscope\" itemtype=\"https:\/\/schema.org\/ImageObject\"  ><div class='avia-image-container-inner'><a href='https:\/\/www.flassaders.org\/wp-content\/uploads\/2026\/03\/El-olvido-que-seremos.-Hector-Abad-Faciolince.jpg' class='avia_image'  ><img class='avia_image ' src='https:\/\/www.flassaders.org\/wp-content\/uploads\/2026\/03\/El-olvido-que-seremos.-Hector-Abad-Faciolince-199x300.jpg' alt='' title='El olvido que seremos. H\u00e9ctor Abad Faciolince'  itemprop=\"thumbnailUrl\"  \/><\/a><\/div><\/div><\/div><\/div><\/div><\/div><!-- close content main div --><\/div><\/div><div id='av_section_5' class='avia-section main_color avia-section-default avia-no-shadow avia-bg-style-scroll   container_wrap fullsize'   ><div class='container' ><div class='template-page content  av-content-full alpha units'><div class='post-entry post-entry-type-page post-entry-14472'><div class='entry-content-wrapper clearfix'>\n<div class=\"flex_column av_one_half  flex_column_div av-zero-column-padding first  \" style='border-radius:0px; '><div class='avia-image-container  av-styling-no-styling    avia-align-center '  itemprop=\"ImageObject\" itemscope=\"itemscope\" itemtype=\"https:\/\/schema.org\/ImageObject\"  ><div class='avia-image-container-inner'><a href='https:\/\/www.flassaders.org\/wp-content\/uploads\/2023\/09\/lliure-1030x579.jpg' class='avia_image'  ><img class='avia_image ' src='https:\/\/www.flassaders.org\/wp-content\/uploads\/2023\/09\/lliure-300x169.jpg' alt='' title='lliure'  itemprop=\"thumbnailUrl\"  \/><\/a><\/div><\/div><\/div><div class=\"flex_column av_one_half  flex_column_div av-zero-column-padding   \" style='border-radius:0px; '><section class=\"av_textblock_section \"  itemscope=\"itemscope\" itemtype=\"https:\/\/schema.org\/CreativeWork\" ><div class='avia_textblock  '   itemprop=\"text\" ><h3 style=\"font-family: Ruda; font-size: 18pt; color: #222; font-weight: bold;\"><strong>26 de marzo: \u00ab<b>Tarde Po\u00e9tica<\/b>\u00ab<\/strong><\/h3>\n<h5 style=\"font-family: Ruda; font-size: 13pt; color: #222;\"><\/h5>\n<\/div><\/section><br \/>\n<section class=\"av_textblock_section \"  itemscope=\"itemscope\" itemtype=\"https:\/\/schema.org\/CreativeWork\" ><div class='avia_textblock  '   itemprop=\"text\" ><p class=\"p1\"><span style=\"font-family: Muli; font-size: 13pt;\">Cada asistente llevar\u00e1 preparados dos poemas para compartir con el grupo. Los leer\u00e1 en voz alta y explicar\u00e1 brevemente por qu\u00e9 los ha elegido, creando un espacio de escucha, reflexi\u00f3n y di\u00e1logo en torno a la poes\u00eda.<\/span><\/p>\n<\/div><\/section><\/p><\/div>\n<\/p>\n<\/div><\/div><\/div><!-- close content main div --><\/div><\/div><div id='av_section_6' class='avia-section main_color avia-section-default avia-no-shadow avia-bg-style-scroll   container_wrap fullsize'   ><div class='container' ><div class='template-page content  av-content-full alpha units'><div class='post-entry post-entry-type-page post-entry-14472'><div class='entry-content-wrapper clearfix'>\n<div class=\"flex_column av_one_half  flex_column_div av-zero-column-padding first  \" style='border-radius:0px; '><section class=\"av_textblock_section \"  itemscope=\"itemscope\" itemtype=\"https:\/\/schema.org\/CreativeWork\" ><div class='avia_textblock  '   itemprop=\"text\" ><h3 style=\"font-family: Ruda; font-size: 18pt; color: #222; font-weight: bold;\"><strong>12 de marzo: \u00ab<b>Mujeres<\/b>\u00ab<\/strong><\/h3>\n<h5 style=\"font-family: Ruda; font-size: 13pt; color: #222;\"><b>Isabel- Clara Sim\u00f3 (1997)<\/b><\/h5>\n<\/div><\/section><br \/>\n<section class=\"av_textblock_section \"  itemscope=\"itemscope\" itemtype=\"https:\/\/schema.org\/CreativeWork\" ><div class='avia_textblock  '   itemprop=\"text\" ><p class=\"p1\"><span style=\"font-family: Muli; font-size: 13pt;\">Conjunto de 17 relatos breves protagonizados por mujeres muy diversas, situadas en contextos y circunstancias igualmente variadas. A trav\u00e9s de estas historias, la autora ofrece un retrato plural y profundo del universo femenino, explorando emociones, conflictos y experiencias cotidianas desde miradas distintas y complementarias.<\/span><\/p>\n<p class=\"p1\"><span style=\"font-family: Muli; font-size: 13pt;\"><em>* Este libro est\u00e1 pensado para la celebraci\u00f3n del D\u00eda de la Mujer<\/em><\/span><\/p>\n<\/div><\/section><\/p><\/div><div class=\"flex_column av_one_half  flex_column_div av-zero-column-padding   \" style='border-radius:0px; '><div class='avia-image-container  av-styling-no-styling    avia-align-center '  itemprop=\"ImageObject\" itemscope=\"itemscope\" itemtype=\"https:\/\/schema.org\/ImageObject\"  ><div class='avia-image-container-inner'><a href='https:\/\/www.flassaders.org\/wp-content\/uploads\/2026\/01\/mujeres-de-Isabel-Clara-Simo-1.jpg' class='avia_image'  ><img class='avia_image ' src='https:\/\/www.flassaders.org\/wp-content\/uploads\/2026\/01\/mujeres-de-Isabel-Clara-Simo-1-186x300.jpg' alt='' title='mujeres de Isabel- Clara Sim\u00f3'  itemprop=\"thumbnailUrl\"  \/><\/a><\/div><\/div><\/div>\n\n<\/div><\/div><\/div><!-- close content main div --><\/div><\/div><div id='av_section_7' class='avia-section main_color avia-section-default avia-no-shadow avia-bg-style-scroll   container_wrap fullsize'   ><div class='container' ><div class='template-page content  av-content-full alpha units'><div class='post-entry post-entry-type-page post-entry-14472'><div class='entry-content-wrapper clearfix'>\n<div class=\"flex_column av_one_half  flex_column_div av-zero-column-padding first  \" style='border-radius:0px; '><div class='avia-image-container  av-styling-no-styling    avia-align-center '  itemprop=\"ImageObject\" itemscope=\"itemscope\" itemtype=\"https:\/\/schema.org\/ImageObject\"  ><div class='avia-image-container-inner'><a href='https:\/\/www.flassaders.org\/wp-content\/uploads\/2026\/01\/El-temps-habitat-Maite-Salord.jpg' class='avia_image'  ><img class='avia_image ' src='https:\/\/www.flassaders.org\/wp-content\/uploads\/2026\/01\/El-temps-habitat-Maite-Salord-192x300.jpg' alt='' title='El temps habitat Maite Salord'  itemprop=\"thumbnailUrl\"  \/><\/a><\/div><\/div><\/div><div class=\"flex_column av_one_half  flex_column_div av-zero-column-padding   \" style='border-radius:0px; '><section class=\"av_textblock_section \"  itemscope=\"itemscope\" itemtype=\"https:\/\/schema.org\/CreativeWork\" ><div class='avia_textblock  '   itemprop=\"text\" ><h3 style=\"font-family: Ruda; font-size: 18pt; color: #222; font-weight: bold;\"><strong>26 de febrero: \u00ab<b>El tiempo habitado<\/b>\u00ab<\/strong><\/h3>\n<h5 style=\"font-family: Ruda; font-size: 13pt; color: #222;\"><b>Maite Salord (2024)<\/b><\/h5>\n<\/div><\/section><br \/>\n<section class=\"av_textblock_section \"  itemscope=\"itemscope\" itemtype=\"https:\/\/schema.org\/CreativeWork\" ><div class='avia_textblock  '   itemprop=\"text\" ><p class=\"p1\"><span style=\"font-family: Muli; font-size: 13pt;\">Una mujer menorquina, perteneciendo a una familia acomodada, vuelve al \u201clugar\u201d que ya ha vendido. En este retorno \u00edntimo y simb\u00f3lico, revive las sensaciones, recuerdos y emociones de su infancia y juventud, explorando la memoria, el paso del tiempo y la huella que dejan los espacios que un d\u00eda fueron hogar.<\/span><\/p>\n<p class=\"p1\"><span style=\"font-family: Muli; font-size: 13pt;\"><em>* Este libro est\u00e1 pensado para la celebraci\u00f3n del D\u00eda de la Mujer<\/em><\/span><\/p>\n<\/div><\/section><\/p><\/div>\n\n<\/div><\/div><\/div><!-- close content main div --><\/div><\/div><div id='av_section_8' class='avia-section main_color avia-section-default avia-no-shadow avia-bg-style-scroll   container_wrap fullsize'   ><div class='container' ><div class='template-page content  av-content-full alpha units'><div class='post-entry post-entry-type-page post-entry-14472'><div class='entry-content-wrapper clearfix'>\n<div class=\"flex_column av_one_half  flex_column_div av-zero-column-padding first  \" style='border-radius:0px; '><section class=\"av_textblock_section \"  itemscope=\"itemscope\" itemtype=\"https:\/\/schema.org\/CreativeWork\" ><div class='avia_textblock  '   itemprop=\"text\" ><h3 style=\"font-family: Ruda; font-size: 18pt; color: #222; font-weight: bold;\"><strong>12 de febrero: \u00ab<b>El adversario<\/b>\u00ab<\/strong><\/h3>\n<h5 style=\"font-family: Ruda; font-size: 13pt; color: #222;\"><b>Emmanuel Carr\u00e8re (1999)<\/b><\/h5>\n<\/div><\/section><br \/>\n<section class=\"av_textblock_section \"  itemscope=\"itemscope\" itemtype=\"https:\/\/schema.org\/CreativeWork\" ><div class='avia_textblock  '   itemprop=\"text\" ><p class=\"p1\"><span style=\"font-family: Muli; font-size: 13pt;\">Una obra maestra de la no ficci\u00f3n que reconstruye la historia real de una mentira sostenida durante a\u00f1os, cinco asesinatos y el posterior juicio. Con su estilo preciso y profundamente humano, Carr\u00e8re explora las sombras de la condici\u00f3n humana.<br \/>\nEl autor recibi\u00f3 el Premio Princesa de Asturias de las Letras en 2021.<\/span><\/p>\n<\/div><\/section><\/p><\/div><div class=\"flex_column av_one_half  flex_column_div av-zero-column-padding   \" style='border-radius:0px; '><div class='avia-image-container  av-styling-no-styling    avia-align-center '  itemprop=\"ImageObject\" itemscope=\"itemscope\" itemtype=\"https:\/\/schema.org\/ImageObject\"  ><div class='avia-image-container-inner'><a href='https:\/\/www.flassaders.org\/wp-content\/uploads\/2025\/11\/El-adversario.-Emmanuel-Carrere-1999.jpg' class='avia_image'  ><img class='avia_image ' src='https:\/\/www.flassaders.org\/wp-content\/uploads\/2025\/11\/El-adversario.-Emmanuel-Carrere-1999-188x300.jpg' alt='' title='El adversario. Emmanuel Carr\u00e8re (1999)'  itemprop=\"thumbnailUrl\"  \/><\/a><\/div><\/div><\/div>\n\n<\/div><\/div><\/div><!-- close content main div --><\/div><\/div><div id='av_section_9' class='avia-section main_color avia-section-default avia-no-shadow avia-bg-style-scroll   container_wrap fullsize'   ><div class='container' ><div class='template-page content  av-content-full alpha units'><div class='post-entry post-entry-type-page post-entry-14472'><div class='entry-content-wrapper clearfix'>\n<div class=\"flex_column av_one_half  flex_column_div av-zero-column-padding first  \" style='border-radius:0px; '><div class='avia-image-container  av-styling-no-styling    avia-align-center '  itemprop=\"ImageObject\" itemscope=\"itemscope\" itemtype=\"https:\/\/schema.org\/ImageObject\"  ><div class='avia-image-container-inner'><a href='https:\/\/www.flassaders.org\/wp-content\/uploads\/2025\/11\/Bartleby-el-escribiente.-Herman-Melville-1.jpg' class='avia_image'  ><img class='avia_image ' src='https:\/\/www.flassaders.org\/wp-content\/uploads\/2025\/11\/Bartleby-el-escribiente.-Herman-Melville-1-205x300.jpg' alt='' title='Bartleby, el escribiente. Herman Melville'  itemprop=\"thumbnailUrl\"  \/><\/a><\/div><\/div><\/div><div class=\"flex_column av_one_half  flex_column_div av-zero-column-padding   \" style='border-radius:0px; '><section class=\"av_textblock_section \"  itemscope=\"itemscope\" itemtype=\"https:\/\/schema.org\/CreativeWork\" ><div class='avia_textblock  '   itemprop=\"text\" ><h3 style=\"font-family: Ruda; font-size: 18pt; color: #222; font-weight: bold;\"><strong>29 de enero: \u00abBartleby, el escribiente\u00bb<\/strong><\/h3>\n<h5 style=\"font-family: Ruda; font-size: 13pt; color: #222;\"><b>Herman Melville (1856)<\/b><\/h5>\n<\/div><\/section><br \/>\n<section class=\"av_textblock_section \"  itemscope=\"itemscope\" itemtype=\"https:\/\/schema.org\/CreativeWork\" ><div class='avia_textblock  '   itemprop=\"text\" ><p class=\"p1\"><span style=\"font-family: Muli; font-size: 13pt;\">Una novela corta protagonizada por un personaje tan enigm\u00e1tico como inolvidable. Bartleby se ha convertido en una figura cl\u00e1sica de la literatura norteamericana, c\u00e9lebre por su actitud pasiva y su enigm\u00e1tico \u201cpreferir\u00eda no hacerlo\u201d.<\/span><\/p>\n<\/div><\/section><\/p><\/div>\n\n<\/div><\/div><\/div><!-- close content main div --><\/div><\/div><div id='av_section_10' class='avia-section main_color avia-section-default avia-no-shadow avia-bg-style-scroll   container_wrap fullsize'   ><div class='container' ><div class='template-page content  av-content-full alpha units'><div class='post-entry post-entry-type-page post-entry-14472'><div class='entry-content-wrapper clearfix'>\n<div class=\"flex_column av_one_half  flex_column_div av-zero-column-padding first  \" style='border-radius:0px; '><section class=\"av_textblock_section \"  itemscope=\"itemscope\" itemtype=\"https:\/\/schema.org\/CreativeWork\" ><div class='avia_textblock  '   itemprop=\"text\" ><h3 style=\"font-family: Ruda; font-size: 18pt; color: #222; font-weight: bold;\"><strong>15 de enero: \u00abPrimavera, verano,\u00a0etc\u00e9tera\u00bb<\/strong><\/h3>\n<h5 style=\"font-family: Ruda; font-size: 13pt; color: #222;\"><b>Marta Rojals (2011)<\/b><\/h5>\n<\/div><\/section><br \/>\n<section class=\"av_textblock_section \"  itemscope=\"itemscope\" itemtype=\"https:\/\/schema.org\/CreativeWork\" ><div class='avia_textblock  '   itemprop=\"text\" ><p class=\"p1\"><span style=\"font-family: Muli; font-size: 13pt;\">Una arquitecta que se siente fracasada regresa a su pueblo, en el campo tarraconense, y narra en primera persona tanto la vida agr\u00edcola del lugar como su propio mundo emocional. Todo ello est\u00e1 contado con un lenguaje muy local, aut\u00e9ntico y caracter\u00edstico de la zona.<\/span><\/p>\n<\/div><\/section><\/p><\/div><div class=\"flex_column av_one_half  flex_column_div av-zero-column-padding   \" style='border-radius:0px; '><div class='avia-image-container  av-styling-no-styling    avia-align-center '  itemprop=\"ImageObject\" itemscope=\"itemscope\" itemtype=\"https:\/\/schema.org\/ImageObject\"  ><div class='avia-image-container-inner'><a href='https:\/\/www.flassaders.org\/wp-content\/uploads\/2025\/11\/Primavera-estiu-etcetera.jpg' class='avia_image'  ><img class='avia_image ' src='https:\/\/www.flassaders.org\/wp-content\/uploads\/2025\/11\/Primavera-estiu-etcetera-202x300.jpg' alt='' title='Primavera, estiu, etc\u00e9tera'  itemprop=\"thumbnailUrl\"  \/><\/a><\/div><\/div><\/div>\n\n<\/div><\/div><\/div><!-- close content main div --><\/div><\/div><div id='av_section_11' class='avia-section main_color avia-section-default avia-no-shadow avia-bg-style-scroll   container_wrap fullsize'   ><div class='container' ><div class='template-page content  av-content-full alpha units'><div class='post-entry post-entry-type-page post-entry-14472'><div class='entry-content-wrapper clearfix'>\n<div class=\"flex_column av_one_half  flex_column_div av-zero-column-padding first  \" style='border-radius:0px; '><div class='avia-image-container  av-styling-no-styling    avia-align-center '  itemprop=\"ImageObject\" itemscope=\"itemscope\" itemtype=\"https:\/\/schema.org\/ImageObject\"  ><div class='avia-image-container-inner'><a href='https:\/\/www.flassaders.org\/wp-content\/uploads\/2025\/09\/pamies-a-las-dos-seran-las-tres-500x500-1.jpg' class='avia_image'  ><img class='avia_image ' src='https:\/\/www.flassaders.org\/wp-content\/uploads\/2025\/09\/pamies-a-las-dos-seran-las-tres-500x500-1-189x300.jpg' alt='' title='pamies-a-las-dos-seran-las-tres-500x500'  itemprop=\"thumbnailUrl\"  \/><\/a><\/div><\/div><\/div><div class=\"flex_column av_one_half  flex_column_div av-zero-column-padding   \" style='border-radius:0px; '><section class=\"av_textblock_section \"  itemscope=\"itemscope\" itemtype=\"https:\/\/schema.org\/CreativeWork\" ><div class='avia_textblock  '   itemprop=\"text\" ><h3 style=\"font-family: Ruda; font-size: 18pt; color: #222; font-weight: bold;\"><strong>18 de diciembre: \u00abA las dos ser\u00e1n las tres\u00bb<\/strong><\/h3>\n<h5 style=\"font-family: Ruda; font-size: 13pt; color: #222;\"><b>Sergi P\u00e0mies (2023)<\/b><\/h5>\n<\/div><\/section><br \/>\n<section class=\"av_textblock_section \"  itemscope=\"itemscope\" itemtype=\"https:\/\/schema.org\/CreativeWork\" ><div class='avia_textblock  '   itemprop=\"text\" ><p class=\"p1\"><span style=\"font-family: Muli; font-size: 13pt;\">10 \u00abcuentos\u00bb cortos, supuestamente autobiogr\u00e1ficos. Los protagonistas son escritores, periodistas, poetas&#8230;<\/span><\/p>\n<\/div><\/section><\/p><\/div>\n\n<\/div><\/div><\/div><!-- close content main div --><\/div><\/div><div id='av_section_12' class='avia-section main_color avia-section-default avia-no-shadow avia-bg-style-scroll   container_wrap fullsize'   ><div class='container' ><div class='template-page content  av-content-full alpha units'><div class='post-entry post-entry-type-page post-entry-14472'><div class='entry-content-wrapper clearfix'>\n<div class=\"flex_column av_one_half  flex_column_div av-zero-column-padding first  \" style='border-radius:0px; '><section class=\"av_textblock_section \"  itemscope=\"itemscope\" itemtype=\"https:\/\/schema.org\/CreativeWork\" ><div class='avia_textblock  '   itemprop=\"text\" ><h3 style=\"font-family: Ruda; font-size: 18pt; color: #222; font-weight: bold;\"><strong>4 de diciembre: \u00ab<b>Adi\u00f3s, peque\u00f1o<\/b>\u00ab<\/strong><\/h3>\n<h5 style=\"font-family: Ruda; font-size: 13pt; color: #222;\"><b>M\u00e0xim Huerta. Premio de novela Fernando Lara (2022).<\/b><\/h5>\n<\/div><\/section><br \/>\n<section class=\"av_textblock_section \"  itemscope=\"itemscope\" itemtype=\"https:\/\/schema.org\/CreativeWork\" ><div class='avia_textblock  '   itemprop=\"text\" ><p class=\"p1\"><span style=\"font-family: Muli; font-size: 13pt;\">Libro autobiogr\u00e1fico, muy \u00edntimo, sobre su infancia y adolescencia y su relaci\u00f3n con la familia. Especialmente con su madre.<\/span><\/p>\n<\/div><\/section><\/p><\/div><div class=\"flex_column av_one_half  flex_column_div av-zero-column-padding   \" style='border-radius:0px; '><div class='avia-image-container  av-styling-no-styling    avia-align-center '  itemprop=\"ImageObject\" itemscope=\"itemscope\" itemtype=\"https:\/\/schema.org\/ImageObject\"  ><div class='avia-image-container-inner'><a href='https:\/\/www.flassaders.org\/wp-content\/uploads\/2025\/09\/adios-pequeno_maximo-huerta-676x1030.jpg' class='avia_image'  ><img class='avia_image ' src='https:\/\/www.flassaders.org\/wp-content\/uploads\/2025\/09\/adios-pequeno_maximo-huerta-197x300.jpg' alt='' title='adios-pequeno_maximo-huerta'  itemprop=\"thumbnailUrl\"  \/><\/a><\/div><\/div><\/div>\n\n<\/div><\/div><\/div><!-- close content main div --><\/div><\/div><div id='av_section_13' class='avia-section main_color avia-section-default avia-no-shadow avia-bg-style-scroll   container_wrap fullsize'   ><div class='container' ><div class='template-page content  av-content-full alpha units'><div class='post-entry post-entry-type-page post-entry-14472'><div class='entry-content-wrapper clearfix'>\n<div class=\"flex_column av_one_half  flex_column_div av-zero-column-padding first  \" style='border-radius:0px; '><div class='avia-image-container  av-styling-no-styling    avia-align-center '  itemprop=\"ImageObject\" itemscope=\"itemscope\" itemtype=\"https:\/\/schema.org\/ImageObject\"  ><div class='avia-image-container-inner'><a href='https:\/\/www.flassaders.org\/wp-content\/uploads\/2025\/09\/libro.jpg' class='avia_image'  ><img class='avia_image ' src='https:\/\/www.flassaders.org\/wp-content\/uploads\/2025\/09\/libro.jpg' alt='' title='libro'  itemprop=\"thumbnailUrl\"  \/><\/a><\/div><\/div><\/div><div class=\"flex_column av_one_half  flex_column_div av-zero-column-padding   \" style='border-radius:0px; '><section class=\"av_textblock_section \"  itemscope=\"itemscope\" itemtype=\"https:\/\/schema.org\/CreativeWork\" ><div class='avia_textblock  '   itemprop=\"text\" ><h3 style=\"font-family: Ruda; font-size: 18pt; color: #222; font-weight: bold;\"><strong>20 de noviembre: <b>Llibre lliure<\/b><\/strong><\/h3>\n<h5 style=\"font-family: Ruda; font-size: 13pt; color: #222;\"><\/h5>\n<\/div><\/section><br \/>\n<section class=\"av_textblock_section \"  itemscope=\"itemscope\" itemtype=\"https:\/\/schema.org\/CreativeWork\" ><div class='avia_textblock  '   itemprop=\"text\" ><p class=\"p1\"><span style=\"font-family: Muli; font-size: 13pt;\">Cada asistente hablar\u00e1 de un libro que le haya gustado, y explicar\u00e1 por qu\u00e9 lo ha elegido.<\/span><\/p>\n<\/div><\/section><\/p><\/div>\n\n<\/div><\/div><\/div><!-- close content main div --><\/div><\/div><div id='av_section_14' class='avia-section main_color avia-section-default avia-no-shadow avia-bg-style-scroll   container_wrap fullsize'   ><div class='container' ><div class='template-page content  av-content-full alpha units'><div class='post-entry post-entry-type-page post-entry-14472'><div class='entry-content-wrapper clearfix'>\n<div class=\"flex_column av_one_half  flex_column_div av-zero-column-padding first  \" style='border-radius:0px; '><section class=\"av_textblock_section \"  itemscope=\"itemscope\" itemtype=\"https:\/\/schema.org\/CreativeWork\" ><div class='avia_textblock  '   itemprop=\"text\" ><h3 style=\"font-family: Ruda; font-size: 18pt; color: #222; font-weight: bold;\"><strong>6 de noviembre: \u00ab<b>Primera memoria<\/b>\u00ab<\/strong><\/h3>\n<h5 style=\"font-family: Ruda; font-size: 13pt; color: #222;\"><b>Ana M. Matute . Premio Nadal (1959).<\/b><\/h5>\n<\/div><\/section><br \/>\n<section class=\"av_textblock_section \"  itemscope=\"itemscope\" itemtype=\"https:\/\/schema.org\/CreativeWork\" ><div class='avia_textblock  '   itemprop=\"text\" ><p class=\"p1\"><span style=\"font-family: Muli; font-size: 13pt;\">Novela de protagonistas adolescentes, ambientada en Mallorca durante la Guerra civil.<br \/>\nHomenaje a Ana M. Matute en el centenario de su nacimiento.<\/span><\/p>\n<\/div><\/section><\/p><\/div><div class=\"flex_column av_one_half  flex_column_div av-zero-column-padding   \" style='border-radius:0px; '><div class='avia-image-container  av-styling-no-styling    avia-align-center '  itemprop=\"ImageObject\" itemscope=\"itemscope\" itemtype=\"https:\/\/schema.org\/ImageObject\"  ><div class='avia-image-container-inner'><a href='https:\/\/www.flassaders.org\/wp-content\/uploads\/2025\/09\/primera-memoria_ana-maria-matute-605x1030.jpg' class='avia_image'  ><img class='avia_image ' src='https:\/\/www.flassaders.org\/wp-content\/uploads\/2025\/09\/primera-memoria_ana-maria-matute-176x300.jpg' alt='' title='primera-memoria_ana-maria-matute'  itemprop=\"thumbnailUrl\"  \/><\/a><\/div><\/div><\/div>\n\n<\/div><\/div><\/div><!-- close content main div --><\/div><\/div><div id='av_section_15' class='avia-section main_color avia-section-default avia-no-shadow avia-bg-style-scroll   container_wrap fullsize'   ><div class='container' ><div class='template-page content  av-content-full alpha units'><div class='post-entry post-entry-type-page post-entry-14472'><div class='entry-content-wrapper clearfix'>\n<div class=\"flex_column av_one_half  flex_column_div av-zero-column-padding first  \" style='border-radius:0px; '><div class='avia-image-container  av-styling-no-styling    avia-align-center '  itemprop=\"ImageObject\" itemscope=\"itemscope\" itemtype=\"https:\/\/schema.org\/ImageObject\"  ><div class='avia-image-container-inner'><a href='https:\/\/www.flassaders.org\/wp-content\/uploads\/2025\/09\/amor-al-arte-tania-juste.jpg' class='avia_image'  ><img class='avia_image ' src='https:\/\/www.flassaders.org\/wp-content\/uploads\/2025\/09\/amor-al-arte-tania-juste-198x300.jpg' alt='' title='amor-al-arte-tania-juste'  itemprop=\"thumbnailUrl\"  \/><\/a><\/div><\/div><\/div><div class=\"flex_column av_one_half  flex_column_div av-zero-column-padding   \" style='border-radius:0px; '><section class=\"av_textblock_section \"  itemscope=\"itemscope\" itemtype=\"https:\/\/schema.org\/CreativeWork\" ><div class='avia_textblock  '   itemprop=\"text\" ><h3 style=\"font-family: Ruda; font-size: 18pt; color: #222; font-weight: bold;\"><strong>23 de octubre: \u00abAmor al arte\u00bb<\/strong><\/h3>\n<h5 style=\"font-family: Ruda; font-size: 13pt; color: #222;\"><b>Tania Juste (2021) Premio Prudencia Bertrana.<\/b><\/h5>\n<\/div><\/section><br \/>\n<section class=\"av_textblock_section \"  itemscope=\"itemscope\" itemtype=\"https:\/\/schema.org\/CreativeWork\" ><div class='avia_textblock  '   itemprop=\"text\" ><p class=\"p1\"><span style=\"font-family: Muli; font-size: 13pt;\">Historia de dos mujeres nacidas en Barcelona. Una pintora de los a\u00f1os 20 y una historiadora del arte, de los a\u00f1os 70, y de la relaci\u00f3n entre ellas..<\/span><\/p>\n<\/div><\/section><\/p><\/div>\n\n<\/div><\/div><\/div><!-- close content main div --><\/div><\/div><div id='av_section_16' class='avia-section main_color avia-section-default avia-no-shadow avia-bg-style-scroll   container_wrap fullsize'   ><div class='container' ><div class='template-page content  av-content-full alpha units'><div class='post-entry post-entry-type-page post-entry-14472'><div class='entry-content-wrapper clearfix'>\n<div class=\"flex_column av_one_half  flex_column_div av-zero-column-padding first  \" style='border-radius:0px; '><section class=\"av_textblock_section \"  itemscope=\"itemscope\" itemtype=\"https:\/\/schema.org\/CreativeWork\" ><div class='avia_textblock  '   itemprop=\"text\" ><h3 style=\"font-family: Ruda; font-size: 18pt; color: #222; font-weight: bold;\"><strong>9 de octubre: \u00ab\u00c9bano\u00bb<\/strong><\/h3>\n<h5 style=\"font-family: Ruda; font-size: 13pt; color: #222;\">Ryszard Kapuscinski (1998)<\/h5>\n<\/div><\/section><br \/>\n<section class=\"av_textblock_section \"  itemscope=\"itemscope\" itemtype=\"https:\/\/schema.org\/CreativeWork\" ><div class='avia_textblock  '   itemprop=\"text\" ><p class=\"p1\"><span style=\"font-family: Muli; font-size: 13pt;\">Es una compilaci\u00f3n de cr\u00f3nicas period\u00edsticas que este maestro de periodistas, de Polonia, hizo en los a\u00f1os que se proclam\u00f3 la independencia de varios pa\u00edses africanos.<\/span><\/p>\n<\/div><\/section><\/p><\/div><div class=\"flex_column av_one_half  flex_column_div av-zero-column-padding   \" style='border-radius:0px; '><div class='avia-image-container  av-styling-no-styling    avia-align-center '  itemprop=\"ImageObject\" itemscope=\"itemscope\" itemtype=\"https:\/\/schema.org\/ImageObject\"  ><div class='avia-image-container-inner'><a href='https:\/\/www.flassaders.org\/wp-content\/uploads\/2025\/09\/EBANO.jpg' class='avia_image'  ><img class='avia_image ' src='https:\/\/www.flassaders.org\/wp-content\/uploads\/2025\/09\/EBANO-189x300.jpg' alt='' title='EBANO'  itemprop=\"thumbnailUrl\"  \/><\/a><\/div><\/div><\/div>\n\n<div class=\"flex_column av_one_full  flex_column_div av-zero-column-padding first  \" style='border-radius:0px; '><section class=\"av_textblock_section \"  itemscope=\"itemscope\" itemtype=\"https:\/\/schema.org\/CreativeWork\" ><div class='avia_textblock  '   itemprop=\"text\" ><h3 style=\"font-family: Ruda; font-size: 20pt; color: #222; font-weight: bold;\"><strong>Edici\u00f3n 2024 &#8211; 2025<\/strong><\/h3>\n<\/div><\/section><\/div>\n<\/div><\/div><\/div><!-- close content main div --><\/div><\/div><div id='av_section_17' class='avia-section main_color avia-section-default avia-no-shadow avia-bg-style-scroll   container_wrap fullsize'   ><div class='container' ><div class='template-page content  av-content-full alpha units'><div class='post-entry post-entry-type-page post-entry-14472'><div class='entry-content-wrapper clearfix'>\n<div class=\"flex_column av_one_half  flex_column_div av-zero-column-padding first  \" style='border-radius:0px; '><div class='avia-image-container  av-styling-no-styling    avia-align-center '  itemprop=\"ImageObject\" itemscope=\"itemscope\" itemtype=\"https:\/\/schema.org\/ImageObject\"  ><div class='avia-image-container-inner'><a href='https:\/\/www.flassaders.org\/wp-content\/uploads\/2025\/04\/libros-.png' class='avia_image'  ><img class='avia_image ' src='https:\/\/www.flassaders.org\/wp-content\/uploads\/2025\/04\/libros--300x200.png' alt='' title='libros-'  itemprop=\"thumbnailUrl\"  \/><\/a><\/div><\/div><\/div><div class=\"flex_column av_one_half  flex_column_div av-zero-column-padding   \" style='border-radius:0px; '><section class=\"av_textblock_section \"  itemscope=\"itemscope\" itemtype=\"https:\/\/schema.org\/CreativeWork\" ><div class='avia_textblock  '   itemprop=\"text\" ><h3 style=\"font-family: Ruda; font-size: 18pt; color: #222; font-weight: bold;\"><strong>19 de junio: \u00abFinal de curso\u00bb<\/strong><\/h3>\n<h5 style=\"font-family: Ruda; font-size: 13pt; color: #222;\"><\/h5>\n<\/div><\/section><br \/>\n<section class=\"av_textblock_section \"  itemscope=\"itemscope\" itemtype=\"https:\/\/schema.org\/CreativeWork\" ><div class='avia_textblock  '   itemprop=\"text\" ><p class=\"p1\"><span style=\"font-family: Muli; font-size: 13pt;\">Dedicaremos la sesi\u00f3n a hacer una valoraci\u00f3n general del curso, los libros que han gustado m\u00e1s, las tem\u00e1ticas, etc.<\/span><\/p>\n<\/div><\/section><\/p><\/div>\n\n<\/div><\/div><\/div><!-- close content main div --><\/div><\/div><div id='av_section_18' class='avia-section main_color avia-section-default avia-no-shadow avia-bg-style-scroll   container_wrap fullsize'   ><div class='container' ><div class='template-page content  av-content-full alpha units'><div class='post-entry post-entry-type-page post-entry-14472'><div class='entry-content-wrapper clearfix'>\n<div class=\"flex_column av_one_half  flex_column_div av-zero-column-padding first  \" style='border-radius:0px; '><section class=\"av_textblock_section \"  itemscope=\"itemscope\" itemtype=\"https:\/\/schema.org\/CreativeWork\" ><div class='avia_textblock  '   itemprop=\"text\" ><h3 style=\"font-family: Ruda; font-size: 18pt; color: #222; font-weight: bold;\"><strong>5 de junio: \u00abDe qu\u00e9 hablamos cuando hablamos de amor\u00bb<\/strong><\/h3>\n<h5 style=\"font-family: Ruda; font-size: 13pt; color: #222;\">Raymond Carver (1974\/1981)<\/h5>\n<\/div><\/section><br \/>\n<section class=\"av_textblock_section \"  itemscope=\"itemscope\" itemtype=\"https:\/\/schema.org\/CreativeWork\" ><div class='avia_textblock  '   itemprop=\"text\" ><p class=\"p1\"><span style=\"font-family: Muli; font-size: 13pt;\">17 relatos cortos, muy c\u00e1usticos, del gran maestro americano del relato. Protagonizados, la mayor\u00eda, por ciudadanos del nordeste de los EE. UU., de clase trabajadora.<\/span><\/p>\n<\/div><\/section><\/p><\/div><div class=\"flex_column av_one_half  flex_column_div av-zero-column-padding   \" style='border-radius:0px; '><div class='avia-image-container  av-styling-no-styling    avia-align-center '  itemprop=\"ImageObject\" itemscope=\"itemscope\" itemtype=\"https:\/\/schema.org\/ImageObject\"  ><div class='avia-image-container-inner'><a href='https:\/\/www.flassaders.org\/wp-content\/uploads\/2025\/04\/De-que-hablamos-cuando-hablamos-de-amor-651x1030.jpeg' class='avia_image'  ><img class='avia_image ' src='https:\/\/www.flassaders.org\/wp-content\/uploads\/2025\/04\/De-que-hablamos-cuando-hablamos-de-amor-190x300.jpeg' alt='' title='De qu\u00e9 hablamos cuando hablamos de amor'  itemprop=\"thumbnailUrl\"  \/><\/a><\/div><\/div><\/div>\n\n<\/div><\/div><\/div><!-- close content main div --><\/div><\/div><div id='av_section_19' class='avia-section main_color avia-section-default avia-no-shadow avia-bg-style-scroll   container_wrap fullsize'   ><div class='container' ><div class='template-page content  av-content-full alpha units'><div class='post-entry post-entry-type-page post-entry-14472'><div class='entry-content-wrapper clearfix'>\n<div class=\"flex_column av_one_half  flex_column_div av-zero-column-padding first  \" style='border-radius:0px; '><div class='avia-image-container  av-styling-no-styling    avia-align-center '  itemprop=\"ImageObject\" itemscope=\"itemscope\" itemtype=\"https:\/\/schema.org\/ImageObject\"  ><div class='avia-image-container-inner'><a href='https:\/\/www.flassaders.org\/wp-content\/uploads\/2025\/03\/els-dies-bons.jpg' class='avia_image'  ><img class='avia_image ' src='https:\/\/www.flassaders.org\/wp-content\/uploads\/2025\/03\/els-dies-bons-197x300.jpg' alt='' title='els-dies-bons'  itemprop=\"thumbnailUrl\"  \/><\/a><\/div><\/div><\/div><div class=\"flex_column av_one_half  flex_column_div av-zero-column-padding   \" style='border-radius:0px; '><section class=\"av_textblock_section \"  itemscope=\"itemscope\" itemtype=\"https:\/\/schema.org\/CreativeWork\" ><div class='avia_textblock  '   itemprop=\"text\" ><h3 style=\"font-family: Ruda; font-size: 18pt; color: #222; font-weight: bold;\"><strong>8 de mayo: \u00abLos d\u00edas buenos\u00bb<\/strong><\/h3>\n<h5 style=\"font-family: Ruda; font-size: 13pt; color: #222;\">Aina Fullana (2021)<\/h5>\n<\/div><\/section><br \/>\n<section class=\"av_textblock_section \"  itemscope=\"itemscope\" itemtype=\"https:\/\/schema.org\/CreativeWork\" ><div class='avia_textblock  '   itemprop=\"text\" ><p class=\"p1\"><span style=\"font-family: Muli; font-size: 13pt;\">Dura historia de drogodependencia, de los esfuerzos para salir, y de c\u00f3mo afecta las relaciones con la familia y el entorno.<br \/>\nEn una ciudad peque\u00f1a, como es Manacor.<\/span><\/p>\n<\/div><\/section><\/p><\/div>\n\n<\/div><\/div><\/div><!-- close content main div --><\/div><\/div><div id='av_section_20' class='avia-section main_color avia-section-default avia-no-shadow avia-bg-style-scroll   container_wrap fullsize'   ><div class='container' ><div class='template-page content  av-content-full alpha units'><div class='post-entry post-entry-type-page post-entry-14472'><div class='entry-content-wrapper clearfix'>\n<div class=\"flex_column av_one_half  flex_column_div av-zero-column-padding first  \" style='border-radius:0px; '><section class=\"av_textblock_section \"  itemscope=\"itemscope\" itemtype=\"https:\/\/schema.org\/CreativeWork\" ><div class='avia_textblock  '   itemprop=\"text\" ><h3 style=\"font-family: Ruda; font-size: 18pt; color: #222; font-weight: bold;\"><strong>24 de abril: \u00abEl hombre que plantaba \u00e1rboles\u00bb<\/strong><\/h3>\n<h5 style=\"font-family: Ruda; font-size: 13pt; color: #222;\">Jean Giono (1954)<\/h5>\n<\/div><\/section><br \/>\n<section class=\"av_textblock_section \"  itemscope=\"itemscope\" itemtype=\"https:\/\/schema.org\/CreativeWork\" ><div class='avia_textblock  '   itemprop=\"text\" ><p class=\"p1\"><span style=\"font-family: Muli; font-size: 13pt;\">Precioso cuento, que habla de un pastor de la Provenza que sembraba 100 \u00e1rboles cada d\u00eda. Y que ha estado inspiraci\u00f3n de muchas acciones ecologistas.<\/span><\/p>\n<\/div><\/section><\/p><\/div><div class=\"flex_column av_one_half  flex_column_div av-zero-column-padding   \" style='border-radius:0px; '><div class='avia-image-container  av-styling-no-styling    avia-align-center '  itemprop=\"ImageObject\" itemscope=\"itemscope\" itemtype=\"https:\/\/schema.org\/ImageObject\"  ><div class='avia-image-container-inner'><a href='https:\/\/www.flassaders.org\/wp-content\/uploads\/2025\/03\/Jean-Giono-1954.jpg' class='avia_image'  ><img class='avia_image ' src='https:\/\/www.flassaders.org\/wp-content\/uploads\/2025\/03\/Jean-Giono-1954.jpg' alt='' title='Jean Giono (1954)'  itemprop=\"thumbnailUrl\"  \/><\/a><\/div><\/div><\/div>\n\n<\/div><\/div><\/div><!-- close content main div --><\/div><\/div><div id='av_section_21' class='avia-section main_color avia-section-default avia-no-shadow avia-bg-style-scroll   container_wrap fullsize'   ><div class='container' ><div class='template-page content  av-content-full alpha units'><div class='post-entry post-entry-type-page post-entry-14472'><div class='entry-content-wrapper clearfix'>\n<div class=\"flex_column av_one_half  flex_column_div av-zero-column-padding first  \" style='border-radius:0px; '><div class='avia-image-container  av-styling-no-styling    avia-align-center '  itemprop=\"ImageObject\" itemscope=\"itemscope\" itemtype=\"https:\/\/schema.org\/ImageObject\"  ><div class='avia-image-container-inner'><a href='https:\/\/www.flassaders.org\/wp-content\/uploads\/2025\/03\/la-playa-de-los-ahogados.jpg' class='avia_image'  ><img class='avia_image ' src='https:\/\/www.flassaders.org\/wp-content\/uploads\/2025\/03\/la-playa-de-los-ahogados.jpg' alt='' title='la playa de los ahogados'  itemprop=\"thumbnailUrl\"  \/><\/a><\/div><\/div><\/div><div class=\"flex_column av_one_half  flex_column_div av-zero-column-padding   \" style='border-radius:0px; '><section class=\"av_textblock_section \"  itemscope=\"itemscope\" itemtype=\"https:\/\/schema.org\/CreativeWork\" ><div class='avia_textblock  '   itemprop=\"text\" ><h3 style=\"font-family: Ruda; font-size: 18pt; color: #222; font-weight: bold;\"><strong>3 de abril: \u00abLa playa de los ahogados\u00bb<\/strong><\/h3>\n<h5 style=\"font-family: Ruda; font-size: 13pt; color: #222;\">Domingo Villar (2009)<\/h5>\n<\/div><\/section><br \/>\n<section class=\"av_textblock_section \"  itemscope=\"itemscope\" itemtype=\"https:\/\/schema.org\/CreativeWork\" ><div class='avia_textblock  '   itemprop=\"text\" ><p class=\"p1\"><span style=\"font-family: Muli; font-size: 13pt;\">Novela polic\u00edaca. El inspector Leo Caldas y su ayudante investigan un asesinato reciente, y un naufragio de doce a\u00f1os atr\u00e1s.<br \/>\nCon muchas referencias al ambiente, comidas y costumbres de los marineros y de la zona de Vigo.<\/span><\/p>\n<\/div><\/section><\/p><\/div>\n\n<\/div><\/div><\/div><!-- close content main div --><\/div><\/div><div id='av_section_22' class='avia-section main_color avia-section-default avia-no-shadow avia-bg-style-scroll   container_wrap fullsize'   ><div class='container' ><div class='template-page content  av-content-full alpha units'><div class='post-entry post-entry-type-page post-entry-14472'><div class='entry-content-wrapper clearfix'>\n<div class=\"flex_column av_one_half  flex_column_div av-zero-column-padding first  \" style='border-radius:0px; '><section class=\"av_textblock_section \"  itemscope=\"itemscope\" itemtype=\"https:\/\/schema.org\/CreativeWork\" ><div class='avia_textblock  '   itemprop=\"text\" ><h3 style=\"font-family: Ruda; font-size: 18pt; color: #222; font-weight: bold;\"><strong>20 de marzo: Tarde po\u00e9tica<\/strong><\/h3>\n<\/div><\/section><br \/>\n<section class=\"av_textblock_section \"  itemscope=\"itemscope\" itemtype=\"https:\/\/schema.org\/CreativeWork\" ><div class='avia_textblock  '   itemprop=\"text\" ><p class=\"p1\"><span style=\"font-family: Muli; font-size: 13pt;\">Cada asistente leer\u00e1 uno o dos poemas, y explicar\u00e1 por qu\u00e9 los ha elegido.<\/span><\/p>\n<\/div><\/section><\/p><\/div><div class=\"flex_column av_one_half  flex_column_div av-zero-column-padding   \" style='border-radius:0px; '><div class='avia-image-container  av-styling-no-styling    avia-align-center '  itemprop=\"ImageObject\" itemscope=\"itemscope\" itemtype=\"https:\/\/schema.org\/ImageObject\"  ><div class='avia-image-container-inner'><a href='https:\/\/www.flassaders.org\/wp-content\/uploads\/2023\/09\/lliure-1030x579.jpg' class='avia_image'  ><img class='avia_image ' src='https:\/\/www.flassaders.org\/wp-content\/uploads\/2023\/09\/lliure-300x169.jpg' alt='' title='lliure'  itemprop=\"thumbnailUrl\"  \/><\/a><\/div><\/div><\/div>\n\n<\/div><\/div><\/div><!-- close content main div --><\/div><\/div><div id='av_section_23' class='avia-section main_color avia-section-default avia-no-shadow avia-bg-style-scroll   container_wrap fullsize'   ><div class='container' ><div class='template-page content  av-content-full alpha units'><div class='post-entry post-entry-type-page post-entry-14472'><div class='entry-content-wrapper clearfix'>\n<div class=\"flex_column av_one_half  flex_column_div av-zero-column-padding first  \" style='border-radius:0px; '><div class='avia-image-container  av-styling-no-styling    avia-align-center '  itemprop=\"ImageObject\" itemscope=\"itemscope\" itemtype=\"https:\/\/schema.org\/ImageObject\"  ><div class='avia-image-container-inner'><a href='https:\/\/www.flassaders.org\/wp-content\/uploads\/2024\/12\/apegos-feroces-vivian-gornick-680x1030.jpg' class='avia_image'  ><img class='avia_image ' src='https:\/\/www.flassaders.org\/wp-content\/uploads\/2024\/12\/apegos-feroces-vivian-gornick-198x300.jpg' alt='' title='apegos-feroces-vivian-gornick'  itemprop=\"thumbnailUrl\"  \/><\/a><\/div><\/div><\/div><div class=\"flex_column av_one_half  flex_column_div av-zero-column-padding   \" style='border-radius:0px; '><section class=\"av_textblock_section \"  itemscope=\"itemscope\" itemtype=\"https:\/\/schema.org\/CreativeWork\" ><div class='avia_textblock  '   itemprop=\"text\" ><h3 style=\"font-family: Ruda; font-size: 18pt; color: #222; font-weight: bold;\"><strong>6 de marzo: \u00abApegos feroces\u00bb<\/strong><\/h3>\n<h5 style=\"font-family: Ruda; font-size: 13pt; color: #222;\">Vivian Gornick (1987)<\/h5>\n<\/div><\/section><br \/>\n<section class=\"av_textblock_section \"  itemscope=\"itemscope\" itemtype=\"https:\/\/schema.org\/CreativeWork\" ><div class='avia_textblock  '   itemprop=\"text\" ><p class=\"p1\"><span style=\"font-family: Muli; font-size: 13pt;\">Memorias de esta escritora, feminista, jud\u00eda y americana. Sobre todo, de su relaci\u00f3n con su madre.<\/span><\/p>\n<\/div><\/section><\/p><\/div>\n\n<\/div><\/div><\/div><!-- close content main div --><\/div><\/div><div id='av_section_24' class='avia-section main_color avia-section-default avia-no-shadow avia-bg-style-scroll   container_wrap fullsize'   ><div class='container' ><div class='template-page content  av-content-full alpha units'><div class='post-entry post-entry-type-page post-entry-14472'><div class='entry-content-wrapper clearfix'>\n<div class=\"flex_column av_one_half  flex_column_div av-zero-column-padding first  \" style='border-radius:0px; '><section class=\"av_textblock_section \"  itemscope=\"itemscope\" itemtype=\"https:\/\/schema.org\/CreativeWork\" ><div class='avia_textblock  '   itemprop=\"text\" ><h3 style=\"font-family: Ruda; font-size: 18pt; color: #222; font-weight: bold;\"><strong>20 de febrero: \u00abLa prima mayor\u00bb<\/strong><\/h3>\n<h5 style=\"font-family: Ruda; font-size: 13pt; color: #222;\">Laura Gost (2019)<\/h5>\n<\/div><\/section><br \/>\n<section class=\"av_textblock_section \"  itemscope=\"itemscope\" itemtype=\"https:\/\/schema.org\/CreativeWork\" ><div class='avia_textblock  '   itemprop=\"text\" ><p class=\"p1\"><span style=\"font-family: Muli; font-size: 13pt;\">Guerra civil en Galicia. Una bella obra en la que se narra c\u00f3mo se viven las relaciones intrafamiliares, a partir de la acogida de una adolescente hu\u00e9rfana.<\/span><\/p>\n<\/div><\/section><\/p><\/div><div class=\"flex_column av_one_half  flex_column_div av-zero-column-padding   \" style='border-radius:0px; '><div class='avia-image-container  av-styling-no-styling    avia-align-center '  itemprop=\"ImageObject\" itemscope=\"itemscope\" itemtype=\"https:\/\/schema.org\/ImageObject\"  ><div class='avia-image-container-inner'><a href='https:\/\/www.flassaders.org\/wp-content\/uploads\/2024\/12\/portada_la-prima-mayor_laura-gost_202002251156-671x1030.jpg' class='avia_image'  ><img class='avia_image ' src='https:\/\/www.flassaders.org\/wp-content\/uploads\/2024\/12\/portada_la-prima-mayor_laura-gost_202002251156-195x300.jpg' alt='' title='portada_la-prima-mayor_laura-gost_202002251156'  itemprop=\"thumbnailUrl\"  \/><\/a><\/div><\/div><\/div>\n\n<\/div><\/div><\/div><!-- close content main div --><\/div><\/div><div id='av_section_25' class='avia-section main_color avia-section-default avia-no-shadow avia-bg-style-scroll   container_wrap fullsize'   ><div class='container' ><div class='template-page content  av-content-full alpha units'><div class='post-entry post-entry-type-page post-entry-14472'><div class='entry-content-wrapper clearfix'>\n<div class=\"flex_column av_one_half  flex_column_div av-zero-column-padding first  \" style='border-radius:0px; '><section class=\"av_textblock_section \"  itemscope=\"itemscope\" itemtype=\"https:\/\/schema.org\/CreativeWork\" ><div class='avia_textblock  '   itemprop=\"text\" ><h3 style=\"font-family: Ruda; font-size: 18pt; color: #222; font-weight: bold;\"><strong>6 de febrero: \u00abEl l\u00e1piz del carpintero\u00bb<\/strong><\/h3>\n<h5 style=\"font-family: Ruda; font-size: 13pt; color: #222;\">Manuel Rivas (1998)<\/h5>\n<\/div><\/section><br \/>\n<section class=\"av_textblock_section \"  itemscope=\"itemscope\" itemtype=\"https:\/\/schema.org\/CreativeWork\" ><div class='avia_textblock  '   itemprop=\"text\" ><p class=\"p1\"><span style=\"font-family: Muli; font-size: 13pt;\">Guerra civil en Galicia. Entre los asesinatos, la resistencia y las prisiones, puede haber una historia de amor.<\/span><\/p>\n<\/div><\/section><\/p><\/div><div class=\"flex_column av_one_half  flex_column_div av-zero-column-padding   \" style='border-radius:0px; '><div class='avia-image-container  av-styling-no-styling    avia-align-center '  itemprop=\"ImageObject\" itemscope=\"itemscope\" itemtype=\"https:\/\/schema.org\/ImageObject\"  ><div class='avia-image-container-inner'><a href='https:\/\/www.flassaders.org\/wp-content\/uploads\/2024\/12\/El-lapiz-carpintero-678x1030.jpg' class='avia_image'  ><img class='avia_image ' src='https:\/\/www.flassaders.org\/wp-content\/uploads\/2024\/12\/El-lapiz-carpintero-197x300.jpg' alt='' title='Version 1.0.0'  itemprop=\"thumbnailUrl\"  \/><\/a><\/div><\/div><\/div>\n\n<\/div><\/div><\/div><!-- close content main div --><\/div><\/div><div id='av_section_26' class='avia-section main_color avia-section-default avia-no-shadow avia-bg-style-scroll   container_wrap fullsize'   ><div class='container' ><div class='template-page content  av-content-full alpha units'><div class='post-entry post-entry-type-page post-entry-14472'><div class='entry-content-wrapper clearfix'>\n<div class=\"flex_column av_one_half  flex_column_div av-zero-column-padding first  \" style='border-radius:0px; '><section class=\"av_textblock_section \"  itemscope=\"itemscope\" itemtype=\"https:\/\/schema.org\/CreativeWork\" ><div class='avia_textblock  '   itemprop=\"text\" ><h3 style=\"font-family: Ruda; font-size: 18pt; color: #222; font-weight: bold;\"><strong>23 de enero: \u00abOtra vida por vivir\u00bb<\/strong><\/h3>\n<h5 style=\"font-family: Ruda; font-size: 13pt; color: #222;\">Theodor Kallifatides (2016)<\/h5>\n<\/div><\/section><br \/>\n<section class=\"av_textblock_section \"  itemscope=\"itemscope\" itemtype=\"https:\/\/schema.org\/CreativeWork\" ><div class='avia_textblock  '   itemprop=\"text\" ><p class=\"p1\"><span style=\"font-family: Muli; font-size: 13pt;\">Un escritor griego, emigrado en Suecia, reflexiona sobre su inspiraci\u00f3n que le falta para escribir, su regreso a su Grecia natal y sobre su lengua y todo su entorno. Una bonita obra en la que se explora la relaci\u00f3n entre una vida con sentido y un trabajo con sentido, y c\u00f3mo reconciliarse con el envejecimiento.<\/span><\/p>\n<\/div><\/section><\/p><\/div><div class=\"flex_column av_one_half  flex_column_div av-zero-column-padding   \" style='border-radius:0px; '><div class='avia-image-container  av-styling-no-styling    avia-align-center '  itemprop=\"ImageObject\" itemscope=\"itemscope\" itemtype=\"https:\/\/schema.org\/ImageObject\"  ><div class='avia-image-container-inner'><a href='https:\/\/www.flassaders.org\/wp-content\/uploads\/2024\/12\/otra-vida-por-vivir.jpg' class='avia_image'  ><img class='avia_image ' src='https:\/\/www.flassaders.org\/wp-content\/uploads\/2024\/12\/otra-vida-por-vivir-194x300.jpg' alt='' title='otra vida por vivir'  itemprop=\"thumbnailUrl\"  \/><\/a><\/div><\/div><\/div>\n\n<\/div><\/div><\/div><!-- close content main div --><\/div><\/div><div id='av_section_27' class='avia-section main_color avia-section-default avia-no-shadow avia-bg-style-scroll   container_wrap fullsize'   ><div class='container' ><div class='template-page content  av-content-full alpha units'><div class='post-entry post-entry-type-page post-entry-14472'><div class='entry-content-wrapper clearfix'>\n<div class=\"flex_column av_one_half  flex_column_div av-zero-column-padding first  \" style='border-radius:0px; '><div class='avia-image-container  av-styling-no-styling    avia-align-center '  itemprop=\"ImageObject\" itemscope=\"itemscope\" itemtype=\"https:\/\/schema.org\/ImageObject\"  ><div class='avia-image-container-inner'><a href='https:\/\/www.flassaders.org\/wp-content\/uploads\/2024\/12\/olive-kitteridge.png' class='avia_image'  ><img class='avia_image ' src='https:\/\/www.flassaders.org\/wp-content\/uploads\/2024\/12\/olive-kitteridge-195x300.png' alt='' title='olive kitteridge'  itemprop=\"thumbnailUrl\"  \/><\/a><\/div><\/div><\/div><div class=\"flex_column av_one_half  flex_column_div av-zero-column-padding   \" style='border-radius:0px; '><section class=\"av_textblock_section \"  itemscope=\"itemscope\" itemtype=\"https:\/\/schema.org\/CreativeWork\" ><div class='avia_textblock  '   itemprop=\"text\" ><h3 style=\"font-family: Ruda; font-size: 18pt; color: #222; font-weight: bold;\"><strong>9 de enero: \u00abOlive Kitteridge\u00bb<\/strong><\/h3>\n<h5 style=\"font-family: Ruda; font-size: 13pt; color: #222;\">Elizabeth Strout (2009)( Premi Pulitzer)<\/h5>\n<\/div><\/section><br \/>\n<section class=\"av_textblock_section \"  itemscope=\"itemscope\" itemtype=\"https:\/\/schema.org\/CreativeWork\" ><div class='avia_textblock  '   itemprop=\"text\" ><p class=\"p1\"><span style=\"font-family: Muli; font-size: 13pt;\">Una maestra jubilada, con mal genio, que vive en un peque\u00f1o pueblo de Estados Unidos. Lamenta las transformaciones que han agitado al pueblo y sus relaciones con su comunidad, familia y vecinos. Situaciones que le ayudar a tomar conciencia de s\u00ed misma y de las personas que la rodean.<\/span><\/p>\n<\/div><\/section><\/p><\/div>\n\n<\/div><\/div><\/div><!-- close content main div --><\/div><\/div><div id='av_section_28' class='avia-section main_color avia-section-default avia-no-shadow avia-bg-style-scroll   container_wrap fullsize'   ><div class='container' ><div class='template-page content  av-content-full alpha units'><div class='post-entry post-entry-type-page post-entry-14472'><div class='entry-content-wrapper clearfix'>\n<div class=\"flex_column av_one_half  flex_column_div av-zero-column-padding first  \" style='border-radius:0px; '><section class=\"av_textblock_section \"  itemscope=\"itemscope\" itemtype=\"https:\/\/schema.org\/CreativeWork\" ><div class='avia_textblock  '   itemprop=\"text\" ><h3 style=\"font-family: Ruda; font-size: 18pt; color: #222; font-weight: bold;\"><strong>19 de diciembre: \u00abTranv\u00eda a la Malvarrosa\u00bb<\/strong><\/h3>\n<h5 style=\"font-family: Ruda; font-size: 13pt; color: #222;\">Manuel Vicent (1994)<\/h5>\n<\/div><\/section><br \/>\n<section class=\"av_textblock_section \"  itemscope=\"itemscope\" itemtype=\"https:\/\/schema.org\/CreativeWork\" ><div class='avia_textblock  '   itemprop=\"text\" ><p class=\"p1\"><span style=\"font-family: Muli; font-size: 13pt;\">Memorias de la adolescencia del escritor, entre Alicante y Valencia, con todos los aromas y sensaciones del Levante de los a\u00f1os 50.<\/span><\/p>\n<\/div><\/section><\/p><\/div><div class=\"flex_column av_one_half  flex_column_div av-zero-column-padding   \" style='border-radius:0px; '><div class='avia-image-container  av-styling-no-styling    avia-align-center '  itemprop=\"ImageObject\" itemscope=\"itemscope\" itemtype=\"https:\/\/schema.org\/ImageObject\"  ><div class='avia-image-container-inner'><a href='https:\/\/www.flassaders.org\/wp-content\/uploads\/2024\/11\/Tranvia-a-la-Malvarrosa.-Manuel-Vicent-1994.jpg' class='avia_image'  ><img class='avia_image ' src='https:\/\/www.flassaders.org\/wp-content\/uploads\/2024\/11\/Tranvia-a-la-Malvarrosa.-Manuel-Vicent-1994-193x300.jpg' alt='' title='Tranvia a la Malvarrosa. Manuel Vicent (1994)'  itemprop=\"thumbnailUrl\"  \/><\/a><\/div><\/div><\/div>\n\n<\/div><\/div><\/div><!-- close content main div --><\/div><\/div><div id='av_section_29' class='avia-section main_color avia-section-default avia-no-shadow avia-bg-style-scroll   container_wrap fullsize'   ><div class='container' ><div class='template-page content  av-content-full alpha units'><div class='post-entry post-entry-type-page post-entry-14472'><div class='entry-content-wrapper clearfix'>\n<div class=\"flex_column av_one_half  flex_column_div av-zero-column-padding first  \" style='border-radius:0px; '><div class='avia-image-container  av-styling-no-styling    avia-align-center '  itemprop=\"ImageObject\" itemscope=\"itemscope\" itemtype=\"https:\/\/schema.org\/ImageObject\"  ><div class='avia-image-container-inner'><a href='https:\/\/www.flassaders.org\/wp-content\/uploads\/2024\/11\/Las-ocho-montanas.-Paolo-Cognetti-2016.jpg' class='avia_image'  ><img class='avia_image ' src='https:\/\/www.flassaders.org\/wp-content\/uploads\/2024\/11\/Las-ocho-montanas.-Paolo-Cognetti-2016-197x300.jpg' alt='' title='Las ocho monta\u00f1as. Paolo Cognetti (2016)'  itemprop=\"thumbnailUrl\"  \/><\/a><\/div><\/div><\/div><div class=\"flex_column av_one_half  flex_column_div av-zero-column-padding   \" style='border-radius:0px; '><section class=\"av_textblock_section \"  itemscope=\"itemscope\" itemtype=\"https:\/\/schema.org\/CreativeWork\" ><div class='avia_textblock  '   itemprop=\"text\" ><h3 style=\"font-family: Ruda; font-size: 18pt; color: #222; font-weight: bold;\"><strong>5 de diciembre: \u00abLas ocho monta\u00f1as\u00bb<\/strong><\/h3>\n<h5 style=\"font-family: Ruda; font-size: 13pt; color: #222;\">Paolo Cognetti (2016)<\/h5>\n<\/div><\/section><br \/>\n<section class=\"av_textblock_section \"  itemscope=\"itemscope\" itemtype=\"https:\/\/schema.org\/CreativeWork\" ><div class='avia_textblock  '   itemprop=\"text\" ><p class=\"p1\"><span style=\"font-family: Muli; font-size: 13pt;\">Un canto a la amistad y a su Natura, en los Alpes italianos.<\/span><\/p>\n<\/div><\/section><\/p><\/div>\n\n<\/div><\/div><\/div><!-- close content main div --><\/div><\/div><div id='av_section_30' class='avia-section main_color avia-section-default avia-no-shadow avia-bg-style-scroll   container_wrap fullsize'   ><div class='container' ><div class='template-page content  av-content-full alpha units'><div class='post-entry post-entry-type-page post-entry-14472'><div class='entry-content-wrapper clearfix'>\n<div class=\"flex_column av_one_half  flex_column_div av-zero-column-padding first  \" style='border-radius:0px; '><section class=\"av_textblock_section \"  itemscope=\"itemscope\" itemtype=\"https:\/\/schema.org\/CreativeWork\" ><div class='avia_textblock  '   itemprop=\"text\" ><h3 style=\"font-family: Ruda; font-size: 18pt; color: #222; font-weight: bold;\"><strong>21 de noviembre: Libro libre<\/strong><\/h3>\n<\/div><\/section><br \/>\n<section class=\"av_textblock_section \"  itemscope=\"itemscope\" itemtype=\"https:\/\/schema.org\/CreativeWork\" ><div class='avia_textblock  '   itemprop=\"text\" ><p class=\"p1\"><span style=\"font-family: Muli; font-size: 13pt;\">Cada asistente comentar\u00e1 un libro que haya le\u00eddo este verano. Dir\u00e1 el t\u00edtulo, autor, y por qu\u00e9 lo ha elegido.<\/span><\/p>\n<\/div><\/section><\/p><\/div><div class=\"flex_column av_one_half  flex_column_div av-zero-column-padding   \" style='border-radius:0px; '><div class='avia-image-container  av-styling-no-styling    avia-align-center '  itemprop=\"ImageObject\" itemscope=\"itemscope\" itemtype=\"https:\/\/schema.org\/ImageObject\"  ><div class='avia-image-container-inner'><a href='https:\/\/www.flassaders.org\/wp-content\/uploads\/2023\/09\/lliure-1030x579.jpg' class='avia_image'  ><img class='avia_image ' src='https:\/\/www.flassaders.org\/wp-content\/uploads\/2023\/09\/lliure-300x169.jpg' alt='' title='lliure'  itemprop=\"thumbnailUrl\"  \/><\/a><\/div><\/div><\/div>\n\n<\/div><\/div><\/div><!-- close content main div --><\/div><\/div><div id='av_section_31' class='avia-section main_color avia-section-default avia-no-shadow avia-bg-style-scroll   container_wrap fullsize'   ><div class='container' ><div class='template-page content  av-content-full alpha units'><div class='post-entry post-entry-type-page post-entry-14472'><div class='entry-content-wrapper clearfix'>\n<div class=\"flex_column av_one_half  flex_column_div av-zero-column-padding first  \" style='border-radius:0px; '><div class='avia-image-container  av-styling-no-styling    avia-align-center '  itemprop=\"ImageObject\" itemscope=\"itemscope\" itemtype=\"https:\/\/schema.org\/ImageObject\"  ><div class='avia-image-container-inner'><a href='https:\/\/www.flassaders.org\/wp-content\/uploads\/2024\/11\/Cuando-Hitler-robo-el-conejo-rosa.jpg' class='avia_image'  ><img class='avia_image ' src='https:\/\/www.flassaders.org\/wp-content\/uploads\/2024\/11\/Cuando-Hitler-robo-el-conejo-rosa-178x300.jpg' alt='' title='Cuando Hitler rob\u00f3 el conejo rosa'  itemprop=\"thumbnailUrl\"  \/><\/a><\/div><\/div><\/div><div class=\"flex_column av_one_half  flex_column_div av-zero-column-padding   \" style='border-radius:0px; '><section class=\"av_textblock_section \"  itemscope=\"itemscope\" itemtype=\"https:\/\/schema.org\/CreativeWork\" ><div class='avia_textblock  '   itemprop=\"text\" ><h3 style=\"font-family: Ruda; font-size: 18pt; color: #222; font-weight: bold;\"><strong>7 de noviembre: \u00abDe cuando Hitler rob\u00f3 el conejo rosa\u00bb<\/strong><\/h3>\n<h5 style=\"font-family: Ruda; font-size: 13pt; color: #222;\">Judith Kerr (1988)<\/h5>\n<\/div><\/section><br \/>\n<section class=\"av_textblock_section \"  itemscope=\"itemscope\" itemtype=\"https:\/\/schema.org\/CreativeWork\" ><div class='avia_textblock  '   itemprop=\"text\" ><p class=\"p1\"><span style=\"font-family: Muli; font-size: 13pt;\">Recorrido por Europa de una ni\u00f1a jud\u00eda, y su familia, que en los a\u00f1os 30 tienen que huir de Berl\u00edn.<\/span><\/p>\n<\/div><\/section><\/p><\/div>\n\n<\/div><\/div><\/div><!-- close content main div --><\/div><\/div><div id='av_section_32' class='avia-section main_color avia-section-default avia-no-shadow avia-bg-style-scroll   container_wrap fullsize'   ><div class='container' ><div class='template-page content  av-content-full alpha units'><div class='post-entry post-entry-type-page post-entry-14472'><div class='entry-content-wrapper clearfix'>\n<div class=\"flex_column av_one_half  flex_column_div av-zero-column-padding first  \" style='border-radius:0px; '><section class=\"av_textblock_section \"  itemscope=\"itemscope\" itemtype=\"https:\/\/schema.org\/CreativeWork\" ><div class='avia_textblock  '   itemprop=\"text\" ><h3 style=\"font-family: Ruda; font-size: 18pt; color: #222; font-weight: bold;\"><strong>31 de octubre: \u00abMiss Giacomini\u00bb<\/strong><\/h3>\n<h5 style=\"font-family: Ruda; font-size: 13pt; color: #222;\">Miguel Villalonga (1941)<\/h5>\n<\/div><\/section><br \/>\n<section class=\"av_textblock_section \"  itemscope=\"itemscope\" itemtype=\"https:\/\/schema.org\/CreativeWork\" ><div class='avia_textblock  '   itemprop=\"text\" ><p class=\"p1\"><span style=\"font-family: Muli; font-size: 13pt;\">S\u00e1tira de su vida provinciana (\u00bfen Palma&#8230;?)<br \/>\nUna Semana Santa de 189&#8230;. Una funambulista llega a la ciudad para actuar un Viernes Santo&#8230;<\/span><\/p>\n<\/div><\/section><\/p><\/div><div class=\"flex_column av_one_half  flex_column_div av-zero-column-padding   \" style='border-radius:0px; '><div class='avia-image-container  av-styling-no-styling    avia-align-center '  itemprop=\"ImageObject\" itemscope=\"itemscope\" itemtype=\"https:\/\/schema.org\/ImageObject\"  ><div class='avia-image-container-inner'><a href='https:\/\/www.flassaders.org\/wp-content\/uploads\/2024\/11\/Miss-Giacomini-Miguel-Villalonga-1941.jpg' class='avia_image'  ><img class='avia_image ' src='https:\/\/www.flassaders.org\/wp-content\/uploads\/2024\/11\/Miss-Giacomini-Miguel-Villalonga-1941.jpg' alt='' title='Miss Giacomini Miguel Villalonga (1941)'  itemprop=\"thumbnailUrl\"  \/><\/a><\/div><\/div><\/div>\n\n<\/div><\/div><\/div><!-- close content main div --><\/div><\/div><div id='av_section_33' class='avia-section main_color avia-section-default avia-no-shadow avia-bg-style-scroll   container_wrap fullsize'   ><div class='container' ><div class='template-page content  av-content-full alpha units'><div class='post-entry post-entry-type-page post-entry-14472'><div class='entry-content-wrapper clearfix'>\n<div class=\"flex_column av_one_half  flex_column_div av-zero-column-padding first  \" style='border-radius:0px; '><div class='avia-image-container  av-styling-no-styling    avia-align-center '  itemprop=\"ImageObject\" itemscope=\"itemscope\" itemtype=\"https:\/\/schema.org\/ImageObject\"  ><div class='avia-image-container-inner'><a href='https:\/\/www.flassaders.org\/wp-content\/uploads\/2024\/06\/leon-669x1030.jpg' class='avia_image'  ><img class='avia_image ' src='https:\/\/www.flassaders.org\/wp-content\/uploads\/2024\/06\/leon-195x300.jpg' alt='' title='leon'  itemprop=\"thumbnailUrl\"  \/><\/a><\/div><\/div><\/div><div class=\"flex_column av_one_half  flex_column_div av-zero-column-padding   \" style='border-radius:0px; '><section class=\"av_textblock_section \"  itemscope=\"itemscope\" itemtype=\"https:\/\/schema.org\/CreativeWork\" ><div class='avia_textblock  '   itemprop=\"text\" ><h3 style=\"font-family: Ruda; font-size: 18pt; color: #222; font-weight: bold;\"><strong>10 de octubre: \u00abLe\u00f3n, el Africano\u00bb<\/strong><\/h3>\n<h5 style=\"font-family: Ruda; font-size: 13pt; color: #222;\">Amin Maalouf (1986)<\/h5>\n<\/div><\/section><br \/>\n<section class=\"av_textblock_section \"  itemscope=\"itemscope\" itemtype=\"https:\/\/schema.org\/CreativeWork\" ><div class='avia_textblock  '   itemprop=\"text\" ><p class=\"p1\"><span style=\"font-family: Muli; font-size: 13pt;\">Novela hist\u00f2rica basada en s&#8217;hist\u00f2ria real de Hassan al-Wazzan, nascut al Albaic\u00edn al S XV, i que va acabar a la cort del Papa Lle\u00f3 X. La novela va de l&#8217;any 1488 al 1527, recorrent el Nord d&#8217;\u00c0frica i la Mediterr\u00e0nea<\/span><\/p>\n<\/div><\/section><\/p><\/div>\n\n<div class=\"flex_column av_one_full  flex_column_div av-zero-column-padding first  \" style='border-radius:0px; '><section class=\"av_textblock_section \"  itemscope=\"itemscope\" itemtype=\"https:\/\/schema.org\/CreativeWork\" ><div class='avia_textblock  '   itemprop=\"text\" ><h3 style=\"font-family: Ruda; font-size: 20pt; color: #222; font-weight: bold;\"><strong>Edici\u00f3n 2023 &#8211; 2024<\/strong><\/h3>\n<\/div><\/section><\/div>\n<\/div><\/div><\/div><!-- close content main div --><\/div><\/div><div id='av_section_34' class='avia-section main_color avia-section-default avia-no-shadow avia-bg-style-scroll   container_wrap fullsize'   ><div class='container' ><div class='template-page content  av-content-full alpha units'><div class='post-entry post-entry-type-page post-entry-14472'><div class='entry-content-wrapper clearfix'>\n<div class=\"flex_column av_one_half  flex_column_div av-zero-column-padding first  \" style='border-radius:0px; '><section class=\"av_textblock_section \"  itemscope=\"itemscope\" itemtype=\"https:\/\/schema.org\/CreativeWork\" ><div class='avia_textblock  '   itemprop=\"text\" ><h3 style=\"font-family: Ruda; font-size: 18pt; color: #222; font-weight: bold;\"><strong>27 de junio: \u00daltima sesi\u00f3n<\/strong><\/h3>\n<h5 style=\"font-family: Ruda; font-size: 13pt; color: #222;\">Comentario final de como ha ido el curso y los libros que hemos le\u00eddo.<\/h5>\n<\/div><\/section><br \/>\n<section class=\"av_textblock_section \"  itemscope=\"itemscope\" itemtype=\"https:\/\/schema.org\/CreativeWork\" ><div class='avia_textblock  '   itemprop=\"text\" ><p class=\"p1\"><span style=\"font-family: Muli; font-size: 13pt;\">Las que quieran, har\u00e1n menci\u00f3n especial a \u00abYo, vieja\u00bb, de Anna Freixas (2021)<\/span><\/p>\n<\/div><\/section><\/p><\/div><div class=\"flex_column av_one_half  flex_column_div av-zero-column-padding   \" style='border-radius:0px; '><div class='avia-image-container  av-styling-no-styling    avia-align-center '  itemprop=\"ImageObject\" itemscope=\"itemscope\" itemtype=\"https:\/\/schema.org\/ImageObject\"  ><div class='avia-image-container-inner'><a href='https:\/\/www.flassaders.org\/wp-content\/uploads\/2024\/03\/yo-vieja-660x1030.jpg' class='avia_image'  ><img class='avia_image ' src='https:\/\/www.flassaders.org\/wp-content\/uploads\/2024\/03\/yo-vieja-192x300.jpg' alt='' title='yo vieja'  itemprop=\"thumbnailUrl\"  \/><\/a><\/div><\/div><\/div>\n\n<\/div><\/div><\/div><!-- close content main div --><\/div><\/div><div id='av_section_35' class='avia-section main_color avia-section-default avia-no-shadow avia-bg-style-scroll   container_wrap fullsize'   ><div class='container' ><div class='template-page content  av-content-full alpha units'><div class='post-entry post-entry-type-page post-entry-14472'><div class='entry-content-wrapper clearfix'>\n<div class=\"flex_column av_one_half  flex_column_div av-zero-column-padding first  \" style='border-radius:0px; '><div class='avia-image-container  av-styling-no-styling    avia-align-center '  itemprop=\"ImageObject\" itemscope=\"itemscope\" itemtype=\"https:\/\/schema.org\/ImageObject\"  ><div class='avia-image-container-inner'><a href='https:\/\/www.flassaders.org\/wp-content\/uploads\/2024\/03\/viuda-644x1030.jpg' class='avia_image'  ><img class='avia_image ' src='https:\/\/www.flassaders.org\/wp-content\/uploads\/2024\/03\/viuda-188x300.jpg' alt='' title='viuda'  itemprop=\"thumbnailUrl\"  \/><\/a><\/div><\/div><\/div><div class=\"flex_column av_one_half  flex_column_div av-zero-column-padding   \" style='border-radius:0px; '><section class=\"av_textblock_section \"  itemscope=\"itemscope\" itemtype=\"https:\/\/schema.org\/CreativeWork\" ><div class='avia_textblock  '   itemprop=\"text\" ><h3 style=\"font-family: Ruda; font-size: 18pt; color: #222; font-weight: bold;\"><strong>13 de junio: \u00abLas viudas de los jueves\u00bb<\/strong><\/h3>\n<h5 style=\"font-family: Ruda; font-size: 13pt; color: #222;\">Claudia Pi\u00f1eiro (2005)<\/h5>\n<\/div><\/section><br \/>\n<section class=\"av_textblock_section \"  itemscope=\"itemscope\" itemtype=\"https:\/\/schema.org\/CreativeWork\" ><div class='avia_textblock  '   itemprop=\"text\" ><p class=\"p1\"><span style=\"font-family: Muli; font-size: 13pt;\">Vida diaria en una zona acomodada de Argentina. Estudio sociol\u00f3gico de un grupo de familias que viven cerradas en su mundo, en \u00e9poca de crisis.<\/span><\/p>\n<\/div><\/section><\/p><\/div>\n\n<\/div><\/div><\/div><!-- close content main div --><\/div><\/div><div id='av_section_36' class='avia-section main_color avia-section-default avia-no-shadow avia-bg-style-scroll   container_wrap fullsize'   ><div class='container' ><div class='template-page content  av-content-full alpha units'><div class='post-entry post-entry-type-page post-entry-14472'><div class='entry-content-wrapper clearfix'>\n<div class=\"flex_column av_one_half  flex_column_div av-zero-column-padding first  \" style='border-radius:0px; '><section class=\"av_textblock_section \"  itemscope=\"itemscope\" itemtype=\"https:\/\/schema.org\/CreativeWork\" ><div class='avia_textblock  '   itemprop=\"text\" ><h3 style=\"font-family: Ruda; font-size: 18pt; color: #222; font-weight: bold;\"><strong>16 de mayo: \u00abLa ignorancia\u00bb\/\u00bbLa ignor\u00e0ncia\u00bb<\/strong><\/h3>\n<h5 style=\"font-family: Ruda; font-size: 13pt; color: #222;\">Milan Kundera (2000)<\/h5>\n<\/div><\/section><br \/>\n<section class=\"av_textblock_section \"  itemscope=\"itemscope\" itemtype=\"https:\/\/schema.org\/CreativeWork\" ><div class='avia_textblock  '   itemprop=\"text\" ><p class=\"p1\"><span style=\"font-family: Muli; font-size: 13pt;\">Reflexiones sobre la a\u00f1oranza, y los sentimientos de los emigrantes y exiliados cuando vuelven a casa. Y como los reciben los que han quedado.<\/span><\/p>\n<\/div><\/section><\/p><\/div><div class=\"flex_column av_one_half  flex_column_div av-zero-column-padding   \" style='border-radius:0px; '><div class='avia-image-container  av-styling-no-styling    avia-align-center '  itemprop=\"ImageObject\" itemscope=\"itemscope\" itemtype=\"https:\/\/schema.org\/ImageObject\"  ><div class='avia-image-container-inner'><a href='https:\/\/www.flassaders.org\/wp-content\/uploads\/2024\/03\/ignoracia-680x1030.jpg' class='avia_image'  ><img class='avia_image ' src='https:\/\/www.flassaders.org\/wp-content\/uploads\/2024\/03\/ignoracia-198x300.jpg' alt='' title='ignoracia'  itemprop=\"thumbnailUrl\"  \/><\/a><\/div><\/div><\/div>\n\n<\/div><\/div><\/div><!-- close content main div --><\/div><\/div><div id='av_section_37' class='avia-section main_color avia-section-default avia-no-shadow avia-bg-style-scroll   container_wrap fullsize'   ><div class='container' ><div class='template-page content  av-content-full alpha units'><div class='post-entry post-entry-type-page post-entry-14472'><div class='entry-content-wrapper clearfix'>\n<div class=\"flex_column av_one_half  flex_column_div av-zero-column-padding first  \" style='border-radius:0px; '><div class='avia-image-container  av-styling-no-styling    avia-align-center '  itemprop=\"ImageObject\" itemscope=\"itemscope\" itemtype=\"https:\/\/schema.org\/ImageObject\"  ><div class='avia-image-container-inner'><a href='https:\/\/www.flassaders.org\/wp-content\/uploads\/2024\/03\/purpura-678x1030.jpg' class='avia_image'  ><img class='avia_image ' src='https:\/\/www.flassaders.org\/wp-content\/uploads\/2024\/03\/purpura-197x300.jpg' alt='' title='p\u00farpura'  itemprop=\"thumbnailUrl\"  \/><\/a><\/div><\/div><\/div><div class=\"flex_column av_one_half  flex_column_div av-zero-column-padding   \" style='border-radius:0px; '><section class=\"av_textblock_section \"  itemscope=\"itemscope\" itemtype=\"https:\/\/schema.org\/CreativeWork\" ><div class='avia_textblock  '   itemprop=\"text\" ><h3 style=\"font-family: Ruda; font-size: 18pt; color: #222; font-weight: bold;\"><strong>2 de mayo: \u00abEl color p\u00farpura\u00bb<\/strong><\/h3>\n<h5 style=\"font-family: Ruda; font-size: 13pt; color: #222;\">Alice Walker (1982) Premi Pulitzer<\/h5>\n<\/div><\/section><br \/>\n<section class=\"av_textblock_section \"  itemscope=\"itemscope\" itemtype=\"https:\/\/schema.org\/CreativeWork\" ><div class='avia_textblock  '   itemprop=\"text\" ><p class=\"p1\"><span style=\"font-family: Muli; font-size: 13pt;\">Novela epistolar americana, en que se ve el sufrimiento de las mujeres negras a se \u00e9poca puesto-esclavista.<\/span><\/p>\n<\/div><\/section><\/p><\/div>\n\n<\/div><\/div><\/div><!-- close content main div --><\/div><\/div><div id='av_section_38' class='avia-section main_color avia-section-default avia-no-shadow avia-bg-style-scroll   container_wrap fullsize'   ><div class='container' ><div class='template-page content  av-content-full alpha units'><div class='post-entry post-entry-type-page post-entry-14472'><div class='entry-content-wrapper clearfix'>\n<div class=\"flex_column av_one_half  flex_column_div av-zero-column-padding first  \" style='border-radius:0px; '><section class=\"av_textblock_section \"  itemscope=\"itemscope\" itemtype=\"https:\/\/schema.org\/CreativeWork\" ><div class='avia_textblock  '   itemprop=\"text\" ><h3 style=\"font-family: Ruda; font-size: 18pt; color: #222; font-weight: bold;\"><strong>18 de abril:\u00bbEl gran Meaulnes\u00bb<\/strong><\/h3>\n<h5 style=\"font-family: Ruda; font-size: 13pt; color: #222;\">Alain-Fournier (1913)<\/h5>\n<\/div><\/section><br \/>\n<section class=\"av_textblock_section \"  itemscope=\"itemscope\" itemtype=\"https:\/\/schema.org\/CreativeWork\" ><div class='avia_textblock  '   itemprop=\"text\" ><p class=\"p1\"><span style=\"font-family: Muli; font-size: 13pt;\">Aventuras de los alumnos de una escuela rural francesa, a principios del S. XX, con sus sue\u00f1os adolescentes.<\/span><\/p>\n<\/div><\/section><\/p><\/div><div class=\"flex_column av_one_half  flex_column_div av-zero-column-padding   \" style='border-radius:0px; '><div class='avia-image-container  av-styling-no-styling    avia-align-center '  itemprop=\"ImageObject\" itemscope=\"itemscope\" itemtype=\"https:\/\/schema.org\/ImageObject\"  ><div class='avia-image-container-inner'><a href='https:\/\/www.flassaders.org\/wp-content\/uploads\/2024\/01\/gran-703x1030.jpg' class='avia_image'  ><img class='avia_image ' src='https:\/\/www.flassaders.org\/wp-content\/uploads\/2024\/01\/gran-205x300.jpg' alt='' title='gran'  itemprop=\"thumbnailUrl\"  \/><\/a><\/div><\/div><\/div>\n\n<\/div><\/div><\/div><!-- close content main div --><\/div><\/div><div id='av_section_39' class='avia-section main_color avia-section-default avia-no-shadow avia-bg-style-scroll   container_wrap fullsize'   ><div class='container' ><div class='template-page content  av-content-full alpha units'><div class='post-entry post-entry-type-page post-entry-14472'><div class='entry-content-wrapper clearfix'>\n<div class=\"flex_column av_one_half  flex_column_div av-zero-column-padding first  \" style='border-radius:0px; '><div class='avia-image-container  av-styling-no-styling    avia-align-center '  itemprop=\"ImageObject\" itemscope=\"itemscope\" itemtype=\"https:\/\/schema.org\/ImageObject\"  ><div class='avia-image-container-inner'><a href='https:\/\/www.flassaders.org\/wp-content\/uploads\/2024\/01\/sangre.jpg' class='avia_image'  ><img class='avia_image ' src='https:\/\/www.flassaders.org\/wp-content\/uploads\/2024\/01\/sangre-198x300.jpg' alt='' title='sangre'  itemprop=\"thumbnailUrl\"  \/><\/a><\/div><\/div><\/div><div class=\"flex_column av_one_half  flex_column_div av-zero-column-padding   \" style='border-radius:0px; '><section class=\"av_textblock_section \"  itemscope=\"itemscope\" itemtype=\"https:\/\/schema.org\/CreativeWork\" ><div class='avia_textblock  '   itemprop=\"text\" ><h3 style=\"font-family: Ruda; font-size: 18pt; color: #222; font-weight: bold;\"><strong>4 de abril: \u00abA sangre fr\u00eda\u00bb<\/strong><\/h3>\n<h5 style=\"font-family: Ruda; font-size: 13pt; color: #222;\">Truman Capote (1965)<\/h5>\n<\/div><\/section><br \/>\n<section class=\"av_textblock_section \"  itemscope=\"itemscope\" itemtype=\"https:\/\/schema.org\/CreativeWork\" ><div class='avia_textblock  '   itemprop=\"text\" ><p class=\"p1\"><span style=\"font-family: Muli; font-size: 13pt;\">Novela \/ reportaje period\u00edstico en que se cuente un crimen que se cometi\u00f3 en EE. UU. el 1959. Su fuga de los autores, la investigaci\u00f3n policial y se juicio posterior.<\/span><\/p>\n<\/div><\/section><\/p><\/div>\n\n<\/div><\/div><\/div><!-- close content main div --><\/div><\/div><div id='av_section_40' class='avia-section main_color avia-section-default avia-no-shadow avia-bg-style-scroll   container_wrap fullsize'   ><div class='container' ><div class='template-page content  av-content-full alpha units'><div class='post-entry post-entry-type-page post-entry-14472'><div class='entry-content-wrapper clearfix'>\n<div class=\"flex_column av_one_half  flex_column_div av-zero-column-padding first  \" style='border-radius:0px; '><section class=\"av_textblock_section \"  itemscope=\"itemscope\" itemtype=\"https:\/\/schema.org\/CreativeWork\" ><div class='avia_textblock  '   itemprop=\"text\" ><h3 style=\"font-family: Ruda; font-size: 18pt; color: #222; font-weight: bold;\"><strong>21 de marzo: Poes\u00eda<\/strong><\/h3>\n<h5 style=\"font-family: Ruda; font-size: 13pt; color: #222;\"><\/h5>\n<\/div><\/section><br \/>\n<section class=\"av_textblock_section \"  itemscope=\"itemscope\" itemtype=\"https:\/\/schema.org\/CreativeWork\" ><div class='avia_textblock  '   itemprop=\"text\" ><p class=\"p1\"><span style=\"font-family: Muli; font-size: 13pt;\">Cada asistente llevar\u00e1 dos poemas preparados, los leer\u00e1, y dir\u00e1 por qu\u00e9 los ha elegido.<\/span><\/p>\n<\/div><\/section><\/p><\/div><div class=\"flex_column av_one_half  flex_column_div av-zero-column-padding   \" style='border-radius:0px; '><div class='avia-image-container  av-styling-no-styling    avia-align-center '  itemprop=\"ImageObject\" itemscope=\"itemscope\" itemtype=\"https:\/\/schema.org\/ImageObject\"  ><div class='avia-image-container-inner'><a href='https:\/\/www.flassaders.org\/wp-content\/uploads\/2024\/01\/poesia.webp' class='avia_image'  ><img class='avia_image ' src='https:\/\/www.flassaders.org\/wp-content\/uploads\/2024\/01\/poesia-300x199.webp' alt='' title='poesia'  itemprop=\"thumbnailUrl\"  \/><\/a><\/div><\/div><\/div>\n\n<\/div><\/div><\/div><!-- close content main div --><\/div><\/div><div id='av_section_41' class='avia-section main_color avia-section-default avia-no-shadow avia-bg-style-scroll   container_wrap fullsize'   ><div class='container' ><div class='template-page content  av-content-full alpha units'><div class='post-entry post-entry-type-page post-entry-14472'><div class='entry-content-wrapper clearfix'>\n<div class=\"flex_column av_one_half  flex_column_div av-zero-column-padding first  \" style='border-radius:0px; '><div class='avia-image-container  av-styling-no-styling    avia-align-center '  itemprop=\"ImageObject\" itemscope=\"itemscope\" itemtype=\"https:\/\/schema.org\/ImageObject\"  ><div class='avia-image-container-inner'><a href='https:\/\/www.flassaders.org\/wp-content\/uploads\/2024\/01\/aterratge-698x1030.jpg' class='avia_image'  ><img class='avia_image ' src='https:\/\/www.flassaders.org\/wp-content\/uploads\/2024\/01\/aterratge-203x300.jpg' alt='' title='aterratge'  itemprop=\"thumbnailUrl\"  \/><\/a><\/div><\/div><\/div><div class=\"flex_column av_one_half  flex_column_div av-zero-column-padding   \" style='border-radius:0px; '><section class=\"av_textblock_section \"  itemscope=\"itemscope\" itemtype=\"https:\/\/schema.org\/CreativeWork\" ><div class='avia_textblock  '   itemprop=\"text\" ><h3 style=\"font-family: Ruda; font-size: 18pt; color: #222; font-weight: bold;\"><strong>7 de marzo: \u00abAterratge\u00bb<\/strong><\/h3>\n<h5 style=\"font-family: Ruda; font-size: 13pt; color: #222;\">Eva Piquer (2023)<\/h5>\n<\/div><\/section><br \/>\n<section class=\"av_textblock_section \"  itemscope=\"itemscope\" itemtype=\"https:\/\/schema.org\/CreativeWork\" ><div class='avia_textblock  '   itemprop=\"text\" ><p class=\"p1\"><span style=\"font-family: Muli; font-size: 13pt;\">Historias de supervivencia al desastre. La autora alterna la historia de un accidente de aviaci\u00f3n en Islandia con su propio luto por la muerte de su marido.<\/span><\/p>\n<\/div><\/section><\/p><\/div>\n\n<\/div><\/div><\/div><!-- close content main div --><\/div><\/div><div id='av_section_42' class='avia-section main_color avia-section-default avia-no-shadow avia-bg-style-scroll   container_wrap fullsize'   ><div class='container' ><div class='template-page content  av-content-full alpha units'><div class='post-entry post-entry-type-page post-entry-14472'><div class='entry-content-wrapper clearfix'>\n<div class=\"flex_column av_one_half  flex_column_div av-zero-column-padding first  \" style='border-radius:0px; '><section class=\"av_textblock_section \"  itemscope=\"itemscope\" itemtype=\"https:\/\/schema.org\/CreativeWork\" ><div class='avia_textblock  '   itemprop=\"text\" ><h3 style=\"font-family: Ruda; font-size: 18pt; color: #222; font-weight: bold;\"><strong>22 de febrero: \u00abEl alfabeto del crimen\u00bb<\/strong><\/h3>\n<h5 style=\"font-family: Ruda; font-size: 13pt; color: #222;\">Sue Grafton (1982-2017)<\/h5>\n<\/div><\/section><br \/>\n<section class=\"av_textblock_section \"  itemscope=\"itemscope\" itemtype=\"https:\/\/schema.org\/CreativeWork\" ><div class='avia_textblock  '   itemprop=\"text\" ><p class=\"p1\"><span style=\"font-family: Muli; font-size: 13pt;\">Serie de 25 novelas polic\u00edacas en que los t\u00edtulos empiezan con sus letras del alfabeto. Cada asistente comentar\u00e1 el libro de la serie que haya elegido.<\/span><\/p>\n<\/div><\/section><\/p><\/div><div class=\"flex_column av_one_half  flex_column_div av-zero-column-padding   \" style='border-radius:0px; '><div class='avia-image-container  av-styling-no-styling    avia-align-center '  itemprop=\"ImageObject\" itemscope=\"itemscope\" itemtype=\"https:\/\/schema.org\/ImageObject\"  ><div class='avia-image-container-inner'><a href='https:\/\/www.flassaders.org\/wp-content\/uploads\/2024\/01\/alfabeto.jpg' class='avia_image'  ><img class='avia_image ' src='https:\/\/www.flassaders.org\/wp-content\/uploads\/2024\/01\/alfabeto-214x300.jpg' alt='' title='alfabeto'  itemprop=\"thumbnailUrl\"  \/><\/a><\/div><\/div><\/div>\n\n<\/div><\/div><\/div><!-- close content main div --><\/div><\/div><div id='av_section_43' class='avia-section main_color avia-section-default avia-no-shadow avia-bg-style-scroll   container_wrap fullsize'   ><div class='container' ><div class='template-page content  av-content-full alpha units'><div class='post-entry post-entry-type-page post-entry-14472'><div class='entry-content-wrapper clearfix'>\n<div class=\"flex_column av_one_half  flex_column_div av-zero-column-padding first  \" style='border-radius:0px; '><div class='avia-image-container  av-styling-no-styling    avia-align-center '  itemprop=\"ImageObject\" itemscope=\"itemscope\" itemtype=\"https:\/\/schema.org\/ImageObject\"  ><div class='avia-image-container-inner'><a href='https:\/\/www.flassaders.org\/wp-content\/uploads\/2023\/12\/mujer-604x1030.webp' class='avia_image'  ><img class='avia_image ' src='https:\/\/www.flassaders.org\/wp-content\/uploads\/2023\/12\/mujer-176x300.webp' alt='' title='mujer'  itemprop=\"thumbnailUrl\"  \/><\/a><\/div><\/div><\/div><div class=\"flex_column av_one_half  flex_column_div av-zero-column-padding   \" style='border-radius:0px; '><section class=\"av_textblock_section \"  itemscope=\"itemscope\" itemtype=\"https:\/\/schema.org\/CreativeWork\" ><div class='avia_textblock  '   itemprop=\"text\" ><h3 style=\"font-family: Ruda; font-size: 18pt; color: #222; font-weight: bold;\"><strong>8 de febrero: \u00abLa mujer habitada\u00bb<\/strong><\/h3>\n<h5 style=\"font-family: Ruda; font-size: 13pt; color: #222;\">Gioconda Belli (1988)<\/h5>\n<\/div><\/section><br \/>\n<section class=\"av_textblock_section \"  itemscope=\"itemscope\" itemtype=\"https:\/\/schema.org\/CreativeWork\" ><div class='avia_textblock  '   itemprop=\"text\" ><p class=\"p1\"><span style=\"font-family: Muli; font-size: 13pt;\">Experiencias de una mujer de Nicaragua, durante la dictadura de Somoza. Y de una antepasada suya.<\/span><\/p>\n<\/div><\/section><\/p><\/div>\n\n<\/div><\/div><\/div><!-- close content main div --><\/div><\/div><div id='av_section_44' class='avia-section main_color avia-section-default avia-no-shadow avia-bg-style-scroll   container_wrap fullsize'   ><div class='container' ><div class='template-page content  av-content-full alpha units'><div class='post-entry post-entry-type-page post-entry-14472'><div class='entry-content-wrapper clearfix'>\n<div class=\"flex_column av_one_half  flex_column_div av-zero-column-padding first  \" style='border-radius:0px; '><section class=\"av_textblock_section \"  itemscope=\"itemscope\" itemtype=\"https:\/\/schema.org\/CreativeWork\" ><div class='avia_textblock  '   itemprop=\"text\" ><h3 style=\"font-family: Ruda; font-size: 18pt; color: #222; font-weight: bold;\"><strong>25 de enero:\u00bbLa lluvia amarilla\u00bb<\/strong><\/h3>\n<h5 style=\"font-family: Ruda; font-size: 13pt; color: #222;\">Julio Llamazares (1988)<\/h5>\n<\/div><\/section><br \/>\n<section class=\"av_textblock_section \"  itemscope=\"itemscope\" itemtype=\"https:\/\/schema.org\/CreativeWork\" ><div class='avia_textblock  '   itemprop=\"text\" ><p class=\"p1\"><span style=\"font-family: Muli; font-size: 13pt;\">Pensamientos y reflexiones de un hombre que vive en un pueblo de los Pirineos que se va quedando vac\u00edo y abandonado. Escrito por alguien que tuvo que marchar de su pueblo, porque hac\u00edan un embalse. <\/span><\/p>\n<\/div><\/section><\/p><\/div><div class=\"flex_column av_one_half  flex_column_div av-zero-column-padding   \" style='border-radius:0px; '><div class='avia-image-container  av-styling-no-styling    avia-align-center '  itemprop=\"ImageObject\" itemscope=\"itemscope\" itemtype=\"https:\/\/schema.org\/ImageObject\"  ><div class='avia-image-container-inner'><a href='https:\/\/www.flassaders.org\/wp-content\/uploads\/2023\/12\/lluvia.jpg' class='avia_image'  ><img class='avia_image ' src='https:\/\/www.flassaders.org\/wp-content\/uploads\/2023\/12\/lluvia-213x300.jpg' alt='' title='lluvia'  itemprop=\"thumbnailUrl\"  \/><\/a><\/div><\/div><\/div>\n\n<\/div><\/div><\/div><!-- close content main div --><\/div><\/div><div id='av_section_45' class='avia-section main_color avia-section-default avia-no-shadow avia-bg-style-scroll   container_wrap fullsize'   ><div class='container' ><div class='template-page content  av-content-full alpha units'><div class='post-entry post-entry-type-page post-entry-14472'><div class='entry-content-wrapper clearfix'>\n<div class=\"flex_column av_one_half  flex_column_div av-zero-column-padding first  \" style='border-radius:0px; '><div class='avia-image-container  av-styling-no-styling    avia-align-center '  itemprop=\"ImageObject\" itemscope=\"itemscope\" itemtype=\"https:\/\/schema.org\/ImageObject\"  ><div class='avia-image-container-inner'><a href='https:\/\/www.flassaders.org\/wp-content\/uploads\/2023\/12\/estrella.jpg' class='avia_image'  ><img class='avia_image ' src='https:\/\/www.flassaders.org\/wp-content\/uploads\/2023\/12\/estrella-196x300.jpg' alt='' title='estrella'  itemprop=\"thumbnailUrl\"  \/><\/a><\/div><\/div><\/div><div class=\"flex_column av_one_half  flex_column_div av-zero-column-padding   \" style='border-radius:0px; '><section class=\"av_textblock_section \"  itemscope=\"itemscope\" itemtype=\"https:\/\/schema.org\/CreativeWork\" ><div class='avia_textblock  '   itemprop=\"text\" ><h3 style=\"font-family: Ruda; font-size: 18pt; color: #222; font-weight: bold;\"><strong>11 de enero: \u00abEl club de la buena estrella\u00bb<\/strong><\/h3>\n<h5 style=\"font-family: Ruda; font-size: 13pt; color: #222;\">Amy Tan (1989)<\/h5>\n<\/div><\/section><br \/>\n<section class=\"av_textblock_section \"  itemscope=\"itemscope\" itemtype=\"https:\/\/schema.org\/CreativeWork\" ><div class='avia_textblock  '   itemprop=\"text\" ><p class=\"p1\"><span style=\"font-family: Muli; font-size: 13pt;\">Seis historias de cuatro mujeres chinas que emigran a los EEUU a principios del S XX, y de sus hijas. Y su adaptaci\u00f3n al estilo de vida del continente americano. Con el recuerdo de lo que dejaron atr\u00e1s.<\/span><\/p>\n<\/div><\/section><\/p><\/div>\n\n<\/div><\/div><\/div><!-- close content main div --><\/div><\/div><div id='av_section_46' class='avia-section main_color avia-section-default avia-no-shadow avia-bg-style-scroll   container_wrap fullsize'   ><div class='container' ><div class='template-page content  av-content-full alpha units'><div class='post-entry post-entry-type-page post-entry-14472'><div class='entry-content-wrapper clearfix'>\n<div class=\"flex_column av_one_half  flex_column_div av-zero-column-padding first  \" style='border-radius:0px; '><section class=\"av_textblock_section \"  itemscope=\"itemscope\" itemtype=\"https:\/\/schema.org\/CreativeWork\" ><div class='avia_textblock  '   itemprop=\"text\" ><h3 style=\"font-family: Ruda; font-size: 18pt; color: #222; font-weight: bold;\"><strong>14 de diciembre: \u00abR\u00e0bia\u00bb<\/strong><\/h3>\n<h5 style=\"font-family: Ruda; font-size: 13pt; color: #222;\">Sebasti\u00e0 Alzamora (2021)( Premi \u00d2mnium a millor novel\u00b7la de l&#8217;any)<\/h5>\n<\/div><\/section><br \/>\n<section class=\"av_textblock_section \"  itemscope=\"itemscope\" itemtype=\"https:\/\/schema.org\/CreativeWork\" ><div class='avia_textblock  '   itemprop=\"text\" ><p class=\"p1\"><span style=\"font-family: Muli; font-size: 13pt;\">Vida y muerte de Taylor, una perra a qui\u00e9n su due\u00f1o echa mucho de menos.<\/span><\/p>\n<\/div><\/section><\/p><\/div><div class=\"flex_column av_one_half  flex_column_div av-zero-column-padding   \" style='border-radius:0px; '><div class='avia-image-container  av-styling-no-styling    avia-align-center '  itemprop=\"ImageObject\" itemscope=\"itemscope\" itemtype=\"https:\/\/schema.org\/ImageObject\"  ><div class='avia-image-container-inner'><a href='https:\/\/www.flassaders.org\/wp-content\/uploads\/2023\/09\/rabia.jpg' class='avia_image'  ><img class='avia_image ' src='https:\/\/www.flassaders.org\/wp-content\/uploads\/2023\/09\/rabia-192x300.jpg' alt='' title='r\u00e0bia'  itemprop=\"thumbnailUrl\"  \/><\/a><\/div><\/div><\/div>\n\n<\/div><\/div><\/div><!-- close content main div --><\/div><\/div><div id='av_section_47' class='avia-section main_color avia-section-default avia-no-shadow avia-bg-style-scroll   container_wrap fullsize'   ><div class='container' ><div class='template-page content  av-content-full alpha units'><div class='post-entry post-entry-type-page post-entry-14472'><div class='entry-content-wrapper clearfix'>\n<div class=\"flex_column av_one_half  flex_column_div av-zero-column-padding first  \" style='border-radius:0px; '><div class='avia-image-container  av-styling-no-styling    avia-align-center '  itemprop=\"ImageObject\" itemscope=\"itemscope\" itemtype=\"https:\/\/schema.org\/ImageObject\"  ><div class='avia-image-container-inner'><a href='https:\/\/www.flassaders.org\/wp-content\/uploads\/2023\/09\/lliure-1030x579.jpg' class='avia_image'  ><img class='avia_image ' src='https:\/\/www.flassaders.org\/wp-content\/uploads\/2023\/09\/lliure-300x169.jpg' alt='' title='lliure'  itemprop=\"thumbnailUrl\"  \/><\/a><\/div><\/div><\/div><div class=\"flex_column av_one_half  flex_column_div av-zero-column-padding   \" style='border-radius:0px; '><section class=\"av_textblock_section \"  itemscope=\"itemscope\" itemtype=\"https:\/\/schema.org\/CreativeWork\" ><div class='avia_textblock  '   itemprop=\"text\" ><h3 style=\"font-family: Ruda; font-size: 18pt; color: #222; font-weight: bold;\"><strong>30 de noviembre: Libro libre<\/strong><\/h3>\n<h5 style=\"font-family: Ruda; font-size: 13pt; color: #222;\"><\/h5>\n<\/div><\/section><br \/>\n<section class=\"av_textblock_section \"  itemscope=\"itemscope\" itemtype=\"https:\/\/schema.org\/CreativeWork\" ><div class='avia_textblock  '   itemprop=\"text\" ><p class=\"p1\"><span style=\"font-family: Muli; font-size: 13pt;\">Cada asistente nos hablar\u00e1 de un libro que haya le\u00eddo durante este verano, y nos explicar\u00e1 porqu\u00e9 lo ha escogido.<\/span><\/p>\n<\/div><\/section><\/p><\/div>\n\n<\/div><\/div><\/div><!-- close content main div --><\/div><\/div><div id='av_section_48' class='avia-section main_color avia-section-default avia-no-shadow avia-bg-style-scroll   container_wrap fullsize'   ><div class='container' ><div class='template-page content  av-content-full alpha units'><div class='post-entry post-entry-type-page post-entry-14472'><div class='entry-content-wrapper clearfix'>\n<div class=\"flex_column av_one_half  flex_column_div av-zero-column-padding first  \" style='border-radius:0px; '><section class=\"av_textblock_section \"  itemscope=\"itemscope\" itemtype=\"https:\/\/schema.org\/CreativeWork\" ><div class='avia_textblock  '   itemprop=\"text\" ><h3 style=\"font-family: Ruda; font-size: 18pt; color: #222; font-weight: bold;\"><strong>16 de noviembre: \u00abEl verano sin hombres\u00bb\/ \u00abL&#8217;estiu sense homes\u00bb<\/strong><\/h3>\n<h5 style=\"font-family: Ruda; font-size: 13pt; color: #222;\">Siri Hustvedt (2011)<\/h5>\n<\/div><\/section><br \/>\n<section class=\"av_textblock_section \"  itemscope=\"itemscope\" itemtype=\"https:\/\/schema.org\/CreativeWork\" ><div class='avia_textblock  '   itemprop=\"text\" ><p class=\"p1\"><span style=\"font-family: Muli; font-size: 13pt;\">Novela inteligente sobre la soledad, el amor, la poes\u00eda, los hombres y, sobretodo, las mujeres de diferentes edades.<\/span><\/p>\n<\/div><\/section><\/p><\/div><div class=\"flex_column av_one_half  flex_column_div av-zero-column-padding   \" style='border-radius:0px; '><div class='avia-image-container  av-styling-no-styling    avia-align-center '  itemprop=\"ImageObject\" itemscope=\"itemscope\" itemtype=\"https:\/\/schema.org\/ImageObject\"  ><div class='avia-image-container-inner'><a href='https:\/\/www.flassaders.org\/wp-content\/uploads\/2023\/09\/verano-678x1030.jpeg' class='avia_image'  ><img class='avia_image ' src='https:\/\/www.flassaders.org\/wp-content\/uploads\/2023\/09\/verano-197x300.jpeg' alt='' title='verano'  itemprop=\"thumbnailUrl\"  \/><\/a><\/div><\/div><\/div>\n\n<\/div><\/div><\/div><!-- close content main div --><\/div><\/div><div id='av_section_49' class='avia-section main_color avia-section-default avia-no-shadow avia-bg-style-scroll   container_wrap fullsize'   ><div class='container' ><div class='template-page content  av-content-full alpha units'><div class='post-entry post-entry-type-page post-entry-14472'><div class='entry-content-wrapper clearfix'>\n<div class=\"flex_column av_one_half  flex_column_div av-zero-column-padding first  \" style='border-radius:0px; '><div class='avia-image-container  av-styling-no-styling    avia-align-center '  itemprop=\"ImageObject\" itemscope=\"itemscope\" itemtype=\"https:\/\/schema.org\/ImageObject\"  ><div class='avia-image-container-inner'><a href='https:\/\/www.flassaders.org\/wp-content\/uploads\/2023\/09\/minyonia-664x1030.jpg' class='avia_image'  ><img class='avia_image ' src='https:\/\/www.flassaders.org\/wp-content\/uploads\/2023\/09\/minyonia-193x300.jpg' alt='' title='minyonia'  itemprop=\"thumbnailUrl\"  \/><\/a><\/div><\/div><\/div><div class=\"flex_column av_one_half  flex_column_div av-zero-column-padding   \" style='border-radius:0px; '><section class=\"av_textblock_section \"  itemscope=\"itemscope\" itemtype=\"https:\/\/schema.org\/CreativeWork\" ><div class='avia_textblock  '   itemprop=\"text\" ><h3 style=\"font-family: Ruda; font-size: 18pt; color: #222; font-weight: bold;\"><strong>2 de noviembre: \u00abLa minyonia d&#8217;un infant orat\u00bb<\/strong><\/h3>\n<h5 style=\"font-family: Ruda; font-size: 13pt; color: #222;\">Lloren\u00e7 Riber (1935)<\/h5>\n<\/div><\/section><br \/>\n<section class=\"av_textblock_section \"  itemscope=\"itemscope\" itemtype=\"https:\/\/schema.org\/CreativeWork\" ><div class='avia_textblock  '   itemprop=\"text\" ><p class=\"p1\"><span style=\"font-family: Muli; font-size: 13pt;\">Recuerdos de una infancia pasada en el pueblo de Campanet, a finales del S XIX.<\/span><\/p>\n<\/div><\/section><\/p><\/div>\n\n<\/div><\/div><\/div><!-- close content main div --><\/div><\/div><div id='av_section_50' class='avia-section main_color avia-section-default avia-no-shadow avia-bg-style-scroll   container_wrap fullsize'   ><div class='container' ><div class='template-page content  av-content-full alpha units'><div class='post-entry post-entry-type-page post-entry-14472'><div class='entry-content-wrapper clearfix'>\n<div class=\"flex_column av_one_half  flex_column_div av-zero-column-padding first  \" style='border-radius:0px; '><section class=\"av_textblock_section \"  itemscope=\"itemscope\" itemtype=\"https:\/\/schema.org\/CreativeWork\" ><div class='avia_textblock  '   itemprop=\"text\" ><h3 style=\"font-family: Ruda; font-size: 18pt; color: #222; font-weight: bold;\"><strong>19 de octubre: \u00abLa soledad era \u00e9sto\u00bb<\/strong><\/h3>\n<h5 style=\"font-family: Ruda; font-size: 13pt; color: #222;\">Juan Jos\u00e9 Mill\u00e1s (Premio Nadal 1990)<\/h5>\n<\/div><\/section><br \/>\n<section class=\"av_textblock_section \"  itemscope=\"itemscope\" itemtype=\"https:\/\/schema.org\/CreativeWork\" ><div class='avia_textblock  '   itemprop=\"text\" ><p class=\"p1\"><span style=\"font-family: Muli; font-size: 13pt;\"> La vida de una mujer, en una gran ciudad, despu\u00e9s de la muerte de su madre.<\/span><\/p>\n<\/div><\/section><\/p><\/div><div class=\"flex_column av_one_half  flex_column_div av-zero-column-padding   \" style='border-radius:0px; '><div class='avia-image-container  av-styling-no-styling    avia-align-center '  itemprop=\"ImageObject\" itemscope=\"itemscope\" itemtype=\"https:\/\/schema.org\/ImageObject\"  ><div class='avia-image-container-inner'><a href='https:\/\/www.flassaders.org\/wp-content\/uploads\/2023\/09\/soledad-678x1030.jpg' class='avia_image'  ><img class='avia_image ' src='https:\/\/www.flassaders.org\/wp-content\/uploads\/2023\/09\/soledad-198x300.jpg' alt='' title='soledad'  itemprop=\"thumbnailUrl\"  \/><\/a><\/div><\/div><\/div>\n\n<\/div><\/div><\/div><!-- close content main div --><\/div><\/div><div id='av_section_51' class='avia-section main_color avia-section-default avia-no-shadow avia-bg-style-scroll   container_wrap fullsize'   ><div class='container' ><div class='template-page content  av-content-full alpha units'><div class='post-entry post-entry-type-page post-entry-14472'><div class='entry-content-wrapper clearfix'>\n<div class=\"flex_column av_one_half  flex_column_div av-zero-column-padding first  \" style='border-radius:0px; '><div class='avia-image-container  av-styling-no-styling    avia-align-center '  itemprop=\"ImageObject\" itemscope=\"itemscope\" itemtype=\"https:\/\/schema.org\/ImageObject\"  ><div class='avia-image-container-inner'><a href='https:\/\/www.flassaders.org\/wp-content\/uploads\/2023\/09\/princesa-677x1030.jpg' class='avia_image'  ><img class='avia_image ' src='https:\/\/www.flassaders.org\/wp-content\/uploads\/2023\/09\/princesa-197x300.jpg' alt='' title='princesa'  itemprop=\"thumbnailUrl\"  \/><\/a><\/div><\/div><\/div><div class=\"flex_column av_one_half  flex_column_div av-zero-column-padding   \" style='border-radius:0px; '><section class=\"av_textblock_section \"  itemscope=\"itemscope\" itemtype=\"https:\/\/schema.org\/CreativeWork\" ><div class='avia_textblock  '   itemprop=\"text\" ><h3 style=\"font-family: Ruda; font-size: 18pt; color: #222; font-weight: bold;\"><strong>5 de octubre: \u00abDe parte de la princesa muerta\u00bb<\/strong><\/h3>\n<h5 style=\"font-family: Ruda; font-size: 13pt; color: #222;\">Keniz\u00e9 Mourad (1987)<\/h5>\n<\/div><\/section><br \/>\n<section class=\"av_textblock_section \"  itemscope=\"itemscope\" itemtype=\"https:\/\/schema.org\/CreativeWork\" ><div class='avia_textblock  '   itemprop=\"text\" ><p class=\"p1\"><span style=\"font-family: Muli; font-size: 13pt;\">Historia real, novelada, de la nieta del sult\u00e1n de Estambul, y de su recorrido vital por diversos pa\u00edses. Escrita por su nieta, periodista.<\/span><\/p>\n<\/div><\/section><\/p><\/div>\n\n<div class=\"flex_column av_one_full  flex_column_div av-zero-column-padding first  \" style='border-radius:0px; '><section class=\"av_textblock_section \"  itemscope=\"itemscope\" itemtype=\"https:\/\/schema.org\/CreativeWork\" ><div class='avia_textblock  '   itemprop=\"text\" ><h3 style=\"font-family: Ruda; font-size: 20pt; color: #222; font-weight: bold;\"><strong>Edici\u00f3n 2022 &#8211; 2023<\/strong><\/h3>\n<\/div><\/section><\/div>\n<\/div><\/div><\/div><!-- close content main div --><\/div><\/div><div id='av_section_52' class='avia-section main_color avia-section-default avia-no-shadow avia-bg-style-scroll   container_wrap fullsize'   ><div class='container' ><div class='template-page content  av-content-full alpha units'><div class='post-entry post-entry-type-page post-entry-14472'><div class='entry-content-wrapper clearfix'>\n<div class=\"flex_column av_one_half  flex_column_div av-zero-column-padding first  \" style='border-radius:0px; '><section class=\"av_textblock_section \"  itemscope=\"itemscope\" itemtype=\"https:\/\/schema.org\/CreativeWork\" ><div class='avia_textblock  '   itemprop=\"text\" ><h3 style=\"font-family: Ruda; font-size: 18pt; color: #222; font-weight: bold;\"><strong>22 de junio: Sesi\u00f3n final de curso.<\/strong><\/h3>\n<\/div><\/section><br \/>\n<section class=\"av_textblock_section \"  itemscope=\"itemscope\" itemtype=\"https:\/\/schema.org\/CreativeWork\" ><div class='avia_textblock  '   itemprop=\"text\" ><p class=\"p1\"><span style=\"font-family: Muli; font-size: 13pt;\">Conversaci\u00f3n y valoraci\u00f3n de c\u00f3mo ha ido la temporada, los libros le\u00eddos, etc.<\/span><\/p>\n<\/div><\/section><\/p><\/div><div class=\"flex_column av_one_half  flex_column_div av-zero-column-padding   \" style='border-radius:0px; '><div class='avia-image-container  av-styling-no-styling    avia-align-center '  itemprop=\"ImageObject\" itemscope=\"itemscope\" itemtype=\"https:\/\/schema.org\/ImageObject\"  ><div class='avia-image-container-inner'><a href='https:\/\/www.flassaders.org\/wp-content\/uploads\/2023\/05\/fidecurs-1030x687.jpg' class='avia_image'  ><img class='avia_image ' src='https:\/\/www.flassaders.org\/wp-content\/uploads\/2023\/05\/fidecurs-300x200.jpg' alt='' title='fidecurs'  itemprop=\"thumbnailUrl\"  \/><\/a><\/div><\/div><\/div>\n\n<\/div><\/div><\/div><!-- close content main div --><\/div><\/div><div id='av_section_53' class='avia-section main_color avia-section-default avia-no-shadow avia-bg-style-scroll   container_wrap fullsize'   ><div class='container' ><div class='template-page content  av-content-full alpha units'><div class='post-entry post-entry-type-page post-entry-14472'><div class='entry-content-wrapper clearfix'>\n<div class=\"flex_column av_one_half  flex_column_div av-zero-column-padding first  \" style='border-radius:0px; '><div class='avia-image-container  av-styling-no-styling    avia-align-center '  itemprop=\"ImageObject\" itemscope=\"itemscope\" itemtype=\"https:\/\/schema.org\/ImageObject\"  ><div class='avia-image-container-inner'><a href='https:\/\/www.flassaders.org\/wp-content\/uploads\/2023\/05\/bilbao-1030x1030.webp' class='avia_image'  ><img class='avia_image ' src='https:\/\/www.flassaders.org\/wp-content\/uploads\/2023\/05\/bilbao-300x300.webp' alt='' title='bilbao'  itemprop=\"thumbnailUrl\"  \/><\/a><\/div><\/div><\/div><div class=\"flex_column av_one_half  flex_column_div av-zero-column-padding   \" style='border-radius:0px; '><section class=\"av_textblock_section \"  itemscope=\"itemscope\" itemtype=\"https:\/\/schema.org\/CreativeWork\" ><div class='avia_textblock  '   itemprop=\"text\" ><h3 style=\"font-family: Ruda; font-size: 18pt; color: #222; font-weight: bold;\"><strong>8 de junio: \u00abBilbao- New York- Bilbao\u00bb<\/strong><\/h3>\n<h5 style=\"font-family: Ruda; font-size: 13pt; color: #222;\">Kirmen Uribe (2008) (Premio Nacional de Narrativa 2009)<\/h5>\n<\/div><\/section><br \/>\n<section class=\"av_textblock_section \"  itemscope=\"itemscope\" itemtype=\"https:\/\/schema.org\/CreativeWork\" ><div class='avia_textblock  '   itemprop=\"text\" ><p class=\"p1\"><span style=\"font-family: Muli; font-size: 13pt;\">Historia muy fragmentada, de una familia vasca, a lo largo de tres generaciones.<\/span><\/p>\n<\/div><\/section><\/p><\/div>\n\n<\/div><\/div><\/div><!-- close content main div --><\/div><\/div><div id='av_section_54' class='avia-section main_color avia-section-default avia-no-shadow avia-bg-style-scroll   container_wrap fullsize'   ><div class='container' ><div class='template-page content  av-content-full alpha units'><div class='post-entry post-entry-type-page post-entry-14472'><div class='entry-content-wrapper clearfix'>\n<div class=\"flex_column av_one_half  flex_column_div av-zero-column-padding first  \" style='border-radius:0px; '><section class=\"av_textblock_section \"  itemscope=\"itemscope\" itemtype=\"https:\/\/schema.org\/CreativeWork\" ><div class='avia_textblock  '   itemprop=\"text\" ><h3 style=\"font-family: Ruda; font-size: 18pt; color: #222; font-weight: bold;\"><strong>25 de mayo: \u00abA coraz\u00f3n abierto\u00bb<\/strong><\/h3>\n<h5 style=\"font-family: Ruda; font-size: 13pt; color: #222;\">Elvira Lindo (2020)<\/h5>\n<\/div><\/section><br \/>\n<section class=\"av_textblock_section \"  itemscope=\"itemscope\" itemtype=\"https:\/\/schema.org\/CreativeWork\" ><div class='avia_textblock  '   itemprop=\"text\" ><p class=\"p1\"><span style=\"font-family: Muli; font-size: 13pt;\">Novela autobiogr\u00e1fica, d\u00f3nde se habla sobre todo del padre de la autora y de los lugares d\u00f3nde vivieron.<\/span><\/p>\n<\/div><\/section><\/p><\/div><div class=\"flex_column av_one_half  flex_column_div av-zero-column-padding   \" style='border-radius:0px; '><div class='avia-image-container  av-styling-no-styling    avia-align-center '  itemprop=\"ImageObject\" itemscope=\"itemscope\" itemtype=\"https:\/\/schema.org\/ImageObject\"  ><div class='avia-image-container-inner'><a href='https:\/\/www.flassaders.org\/wp-content\/uploads\/2023\/05\/a-corazon-abierto-596x1030.jpg' class='avia_image'  ><img class='avia_image ' src='https:\/\/www.flassaders.org\/wp-content\/uploads\/2023\/05\/a-corazon-abierto-174x300.jpg' alt='' title='a coraz\u00f3n abierto'  itemprop=\"thumbnailUrl\"  \/><\/a><\/div><\/div><\/div>\n\n<\/div><\/div><\/div><!-- close content main div --><\/div><\/div><div id='av_section_55' class='avia-section main_color avia-section-default avia-no-shadow avia-bg-style-scroll   container_wrap fullsize'   ><div class='container' ><div class='template-page content  av-content-full alpha units'><div class='post-entry post-entry-type-page post-entry-14472'><div class='entry-content-wrapper clearfix'>\n<div class=\"flex_column av_one_half  flex_column_div av-zero-column-padding first  \" style='border-radius:0px; '><div class='avia-image-container  av-styling-no-styling    avia-align-center '  itemprop=\"ImageObject\" itemscope=\"itemscope\" itemtype=\"https:\/\/schema.org\/ImageObject\"  ><div class='avia-image-container-inner'><a href='https:\/\/www.flassaders.org\/wp-content\/uploads\/2023\/03\/viatges.jpg' class='avia_image'  ><img class='avia_image ' src='https:\/\/www.flassaders.org\/wp-content\/uploads\/2023\/03\/viatges-300x157.jpg' alt='' title='viatges'  itemprop=\"thumbnailUrl\"  \/><\/a><\/div><\/div><\/div><div class=\"flex_column av_one_half  flex_column_div av-zero-column-padding   \" style='border-radius:0px; '><section class=\"av_textblock_section \"  itemscope=\"itemscope\" itemtype=\"https:\/\/schema.org\/CreativeWork\" ><div class='avia_textblock  '   itemprop=\"text\" ><h3 style=\"font-family: Ruda; font-size: 18pt; color: #222; font-weight: bold;\"><strong>11 de mayo: Libro libre<\/strong><\/h3>\n<\/div><\/section><br \/>\n<section class=\"av_textblock_section \"  itemscope=\"itemscope\" itemtype=\"https:\/\/schema.org\/CreativeWork\" ><div class='avia_textblock  '   itemprop=\"text\" ><p class=\"p1\"><span style=\"font-family: Muli; font-size: 13pt;\">Relacionado con viajes de las personas asistentes.<\/span><\/p>\n<\/div><\/section><\/p><\/div>\n\n<\/div><\/div><\/div><!-- close content main div --><\/div><\/div><div id='av_section_56' class='avia-section main_color avia-section-default avia-no-shadow avia-bg-style-scroll   container_wrap fullsize'   ><div class='container' ><div class='template-page content  av-content-full alpha units'><div class='post-entry post-entry-type-page post-entry-14472'><div class='entry-content-wrapper clearfix'>\n<div class=\"flex_column av_one_half  flex_column_div av-zero-column-padding first  \" style='border-radius:0px; '><section class=\"av_textblock_section \"  itemscope=\"itemscope\" itemtype=\"https:\/\/schema.org\/CreativeWork\" ><div class='avia_textblock  '   itemprop=\"text\" ><h3 style=\"font-family: Ruda; font-size: 18pt; color: #222; font-weight: bold;\"><strong>27 de abril: \u00abCara de pan\u00bb<\/strong><\/h3>\n<h5 style=\"font-family: Ruda; font-size: 13pt; color: #222;\">Sara Mesa (2018)<\/h5>\n<\/div><\/section><br \/>\n<section class=\"av_textblock_section \"  itemscope=\"itemscope\" itemtype=\"https:\/\/schema.org\/CreativeWork\" ><div class='avia_textblock  '   itemprop=\"text\" ><p class=\"p1\"><span style=\"font-family: Muli; font-size: 13pt;\">Relaci\u00f3n extra\u00f1a y furtiva entre una adolescente y un hombre mayor, y entre sus propias soledades.<\/span><\/p>\n<\/div><\/section><\/p><\/div><div class=\"flex_column av_one_half  flex_column_div av-zero-column-padding   \" style='border-radius:0px; '><div class='avia-image-container  av-styling-no-styling    avia-align-center '  itemprop=\"ImageObject\" itemscope=\"itemscope\" itemtype=\"https:\/\/schema.org\/ImageObject\"  ><div class='avia-image-container-inner'><a href='https:\/\/www.flassaders.org\/wp-content\/uploads\/2023\/03\/cara-de-pan-680x1030.jpg' class='avia_image'  ><img class='avia_image ' src='https:\/\/www.flassaders.org\/wp-content\/uploads\/2023\/03\/cara-de-pan-198x300.jpg' alt='' title='cara de pan'  itemprop=\"thumbnailUrl\"  \/><\/a><\/div><\/div><\/div>\n\n<\/div><\/div><\/div><!-- close content main div --><\/div><\/div><div id='av_section_57' class='avia-section main_color avia-section-default avia-no-shadow avia-bg-style-scroll   container_wrap fullsize'   ><div class='container' ><div class='template-page content  av-content-full alpha units'><div class='post-entry post-entry-type-page post-entry-14472'><div class='entry-content-wrapper clearfix'>\n<div class=\"flex_column av_one_half  flex_column_div av-zero-column-padding first  \" style='border-radius:0px; '><div class='avia-image-container  av-styling-no-styling    avia-align-center '  itemprop=\"ImageObject\" itemscope=\"itemscope\" itemtype=\"https:\/\/schema.org\/ImageObject\"  ><div class='avia-image-container-inner'><a href='https:\/\/www.flassaders.org\/wp-content\/uploads\/2023\/03\/Arthur-Conan-Doyle.jpg' class='avia_image'  ><img class='avia_image ' src='https:\/\/www.flassaders.org\/wp-content\/uploads\/2023\/03\/Arthur-Conan-Doyle-206x300.jpg' alt='' title='Sir Arthur Conan Doyle'  itemprop=\"thumbnailUrl\"  \/><\/a><\/div><\/div><\/div><div class=\"flex_column av_one_half  flex_column_div av-zero-column-padding   \" style='border-radius:0px; '><section class=\"av_textblock_section \"  itemscope=\"itemscope\" itemtype=\"https:\/\/schema.org\/CreativeWork\" ><div class='avia_textblock  '   itemprop=\"text\" ><h3 style=\"font-family: Ruda; font-size: 18pt; color: #222; font-weight: bold;\"><strong>13 de abril: Monogr\u00e1fico sobre Arthur Conan Doyle (1858\/1930) <\/strong><\/h3>\n<\/div><\/section><br \/>\n<section class=\"av_textblock_section \"  itemscope=\"itemscope\" itemtype=\"https:\/\/schema.org\/CreativeWork\" ><div class='avia_textblock  '   itemprop=\"text\" ><p class=\"p1\"><span style=\"font-family: Muli; font-size: 13pt;\">B\u00e1sicamente, hablaremos de \u201dEstudio en escarlata\u201d (1887) y \u201cEl sabueso de los Baskerville\u201d (1901), y los compararemos con Agatha Christie. Sus estilos, etc.<\/span><\/p>\n<\/div><\/section><\/p><\/div>\n\n<\/div><\/div><\/div><!-- close content main div --><\/div><\/div><div id='av_section_58' class='avia-section main_color avia-section-default avia-no-shadow avia-bg-style-scroll   container_wrap fullsize'   ><div class='container' ><div class='template-page content  av-content-full alpha units'><div class='post-entry post-entry-type-page post-entry-14472'><div class='entry-content-wrapper clearfix'>\n<div class=\"flex_column av_one_half  flex_column_div av-zero-column-padding first  \" style='border-radius:0px; '><section class=\"av_textblock_section \"  itemscope=\"itemscope\" itemtype=\"https:\/\/schema.org\/CreativeWork\" ><div class='avia_textblock  '   itemprop=\"text\" ><h3 style=\"font-family: Ruda; font-size: 18pt; color: #222; font-weight: bold;\"><strong>23 de marzo: \u00abMemorias de \u00c0frica\u00bb\/ \u00abLejos de \u00c1frica\u00bb\/ \u00abOut of Africa\u00bb. <\/strong><\/h3>\n<h5 style=\"font-family: Ruda; font-size: 13pt; color: #222;\">Karen Blixen\/Isak Dinesen (1937)<\/h5>\n<\/div><\/section><br \/>\n<section class=\"av_textblock_section \"  itemscope=\"itemscope\" itemtype=\"https:\/\/schema.org\/CreativeWork\" ><div class='avia_textblock  '   itemprop=\"text\" ><p class=\"p1\"><span style=\"font-family: Muli; font-size: 13pt;\">Narraci\u00f3n autobiogr\u00e1fica, que hace una librera, contando su recorrido para huir de los nazis.<\/span><\/p>\n<\/div><\/section><\/p><\/div><div class=\"flex_column av_one_half  flex_column_div av-zero-column-padding   \" style='border-radius:0px; '><div class='avia-image-container  av-styling-no-styling    avia-align-center '  itemprop=\"ImageObject\" itemscope=\"itemscope\" itemtype=\"https:\/\/schema.org\/ImageObject\"  ><div class='avia-image-container-inner'><a href='https:\/\/www.flassaders.org\/wp-content\/uploads\/2023\/02\/03_Memorias-de-Africa.jpg' class='avia_image'  ><img class='avia_image ' src='https:\/\/www.flassaders.org\/wp-content\/uploads\/2023\/02\/03_Memorias-de-Africa.jpg' alt='' title='03_Memorias de Africa'  itemprop=\"thumbnailUrl\"  \/><\/a><\/div><\/div><\/div>\n\n<\/div><\/div><\/div><!-- close content main div --><\/div><\/div><div id='av_section_59' class='avia-section main_color avia-section-default avia-no-shadow avia-bg-style-scroll   container_wrap fullsize'   ><div class='container' ><div class='template-page content  av-content-full alpha units'><div class='post-entry post-entry-type-page post-entry-14472'><div class='entry-content-wrapper clearfix'>\n<div class=\"flex_column av_one_half  flex_column_div av-zero-column-padding first  \" style='border-radius:0px; '><div class='avia-image-container  av-styling-no-styling    avia-align-center '  itemprop=\"ImageObject\" itemscope=\"itemscope\" itemtype=\"https:\/\/schema.org\/ImageObject\"  ><div class='avia-image-container-inner'><a href='https:\/\/www.flassaders.org\/wp-content\/uploads\/2023\/02\/04_Horabaixa-poetic_03.jpg' class='avia_image'  ><img class='avia_image ' src='https:\/\/www.flassaders.org\/wp-content\/uploads\/2023\/02\/04_Horabaixa-poetic_03.jpg' alt='' title='04_Horabaixa poetic_03'  itemprop=\"thumbnailUrl\"  \/><\/a><\/div><\/div><\/div><div class=\"flex_column av_one_half  flex_column_div av-zero-column-padding   \" style='border-radius:0px; '><section class=\"av_textblock_section \"  itemscope=\"itemscope\" itemtype=\"https:\/\/schema.org\/CreativeWork\" ><div class='avia_textblock  '   itemprop=\"text\" ><h3 style=\"font-family: Ruda; font-size: 18pt; color: #222; font-weight: bold;\"><strong>9 de marzo: Tarde <\/strong><strong>po\u00e9tica.<\/strong><\/h3>\n<\/div><\/section><br \/>\n<section class=\"av_textblock_section \"  itemscope=\"itemscope\" itemtype=\"https:\/\/schema.org\/CreativeWork\" ><div class='avia_textblock  '   itemprop=\"text\" ><p class=\"p1\"><span style=\"font-family: Muli; font-size: 13pt;\">Cada participante traer\u00e1 preparados dos poemas, escritos preferentemente por mujeres, los leer\u00e1 y explicar\u00e1 porqu\u00e9 los ha escogido.<\/span><\/p>\n<\/div><\/section><\/p><\/div>\n\n<\/div><\/div><\/div><!-- close content main div --><\/div><\/div><div id='av_section_60' class='avia-section main_color avia-section-default avia-no-shadow avia-bg-style-scroll   container_wrap fullsize'   ><div class='container' ><div class='template-page content  av-content-full alpha units'><div class='post-entry post-entry-type-page post-entry-14472'><div class='entry-content-wrapper clearfix'>\n<div class=\"flex_column av_one_half  flex_column_div av-zero-column-padding first  \" style='border-radius:0px; '><section class=\"av_textblock_section \"  itemscope=\"itemscope\" itemtype=\"https:\/\/schema.org\/CreativeWork\" ><div class='avia_textblock  '   itemprop=\"text\" ><h3 style=\"font-family: Ruda; font-size: 18pt; color: #222; font-weight: bold;\"><strong>23 de febrero: \u00abUna libreria en Berl\u00edn\u00bb. <\/strong><\/h3>\n<h5 style=\"font-family: Ruda; font-size: 13pt; color: #222;\">Fran\u00e7oise Frenkel (1945)<\/h5>\n<\/div><\/section><br \/>\n<section class=\"av_textblock_section \"  itemscope=\"itemscope\" itemtype=\"https:\/\/schema.org\/CreativeWork\" ><div class='avia_textblock  '   itemprop=\"text\" ><p class=\"p1\"><span style=\"font-family: Muli; font-size: 13pt;\">Narraci\u00f3n autobiogr\u00e1fica, que hace una librera, contando su recorrido para huir de los nazis.<\/span><\/p>\n<\/div><\/section><\/p><\/div><div class=\"flex_column av_one_half  flex_column_div av-zero-column-padding   \" style='border-radius:0px; '><div class='avia-image-container  av-styling-no-styling    avia-align-center '  itemprop=\"ImageObject\" itemscope=\"itemscope\" itemtype=\"https:\/\/schema.org\/ImageObject\"  ><div class='avia-image-container-inner'><a href='https:\/\/www.flassaders.org\/wp-content\/uploads\/2023\/02\/Una-libreria-en-Berlin-ok.jpg' class='avia_image'  ><img class='avia_image ' src='https:\/\/www.flassaders.org\/wp-content\/uploads\/2023\/02\/Una-libreria-en-Berlin-ok.jpg' alt='' title='Una libreria en Berl\u00edn ok'  itemprop=\"thumbnailUrl\"  \/><\/a><\/div><\/div><\/div>\n\n<\/div><\/div><\/div><!-- close content main div --><\/div><\/div><div id='av_section_61' class='avia-section main_color avia-section-default avia-no-shadow avia-bg-style-scroll   container_wrap fullsize'   ><div class='container' ><div class='template-page content  av-content-full alpha units'><div class='post-entry post-entry-type-page post-entry-14472'><div class='entry-content-wrapper clearfix'>\n<div class=\"flex_column av_one_half  flex_column_div av-zero-column-padding first  \" style='border-radius:0px; '><div class='avia-image-container  av-styling-no-styling    avia-align-center '  itemprop=\"ImageObject\" itemscope=\"itemscope\" itemtype=\"https:\/\/schema.org\/ImageObject\"  ><div class='avia-image-container-inner'><a href='https:\/\/www.flassaders.org\/wp-content\/uploads\/2023\/02\/La_perla-1.jpg' class='avia_image'  ><img class='avia_image ' src='https:\/\/www.flassaders.org\/wp-content\/uploads\/2023\/02\/La_perla-1.jpg' alt='' title='La_perla'  itemprop=\"thumbnailUrl\"  \/><\/a><\/div><\/div><\/div><div class=\"flex_column av_one_half  flex_column_div av-zero-column-padding   \" style='border-radius:0px; '><section class=\"av_textblock_section \"  itemscope=\"itemscope\" itemtype=\"https:\/\/schema.org\/CreativeWork\" ><div class='avia_textblock  '   itemprop=\"text\" ><h3 style=\"font-family: Ruda; font-size: 18pt; color: #222; font-weight: bold;\"><strong>9 de febrero: \u00abLa perla\u00bb.<\/strong><\/h3>\n<h5 style=\"font-family: Ruda; font-size: 13pt; color: #222;\">John Steinbeck (1945)<\/h5>\n<\/div><\/section><br \/>\n<section class=\"av_textblock_section \"  itemscope=\"itemscope\" itemtype=\"https:\/\/schema.org\/CreativeWork\" ><div class='avia_textblock  '   itemprop=\"text\" ><p class=\"p1\"><span style=\"font-family: Muli; font-size: 13pt;\">Versi\u00f3n de un cuento mexicano, escrita por el ganador del Premio Nobel de 1962, en la \u00e9poca de la Recesi\u00f3n.<\/span><\/p>\n<\/div><\/section><\/p><\/div>\n\n<\/div><\/div><\/div><!-- close content main div --><\/div><\/div><div id='av_section_62' class='avia-section main_color avia-section-default avia-no-shadow avia-bg-style-scroll   container_wrap fullsize'   ><div class='container' ><div class='template-page content  av-content-full alpha units'><div class='post-entry post-entry-type-page post-entry-14472'><div class='entry-content-wrapper clearfix'>\n<div class=\"flex_column av_one_half  flex_column_div av-zero-column-padding first  \" style='border-radius:0px; '><section class=\"av_textblock_section \"  itemscope=\"itemscope\" itemtype=\"https:\/\/schema.org\/CreativeWork\" ><div class='avia_textblock  '   itemprop=\"text\" ><h3 style=\"font-family: Ruda; font-size: 18pt; color: #222; font-weight: bold;\"><strong>26 de enero: \u00abTardor\u00bb\/ \u00abOto\u00f1o\u00bb\/ \u00abAutumn\u00bb.<\/strong><\/h3>\n<h5 style=\"font-family: Ruda; font-size: 13pt; color: #222;\">Ali Smith (2016)<\/h5>\n<\/div><\/section><br \/>\n<section class=\"av_textblock_section \"  itemscope=\"itemscope\" itemtype=\"https:\/\/schema.org\/CreativeWork\" ><div class='avia_textblock  '   itemprop=\"text\" ><p class=\"p1\"><span style=\"font-family: Muli; font-size: 13pt;\">Historia fragmentada de una joven, su madre, y un vecino suyo, muy mayor. Historias de los a\u00f1os 60 y de la actualidad.<\/span><\/p>\n<\/div><\/section><\/p><\/div><div class=\"flex_column av_one_half  flex_column_div av-zero-column-padding   \" style='border-radius:0px; '><div class='avia-image-container  av-styling-no-styling    avia-align-center '  itemprop=\"ImageObject\" itemscope=\"itemscope\" itemtype=\"https:\/\/schema.org\/ImageObject\"  ><div class='avia-image-container-inner'><a href='https:\/\/www.flassaders.org\/wp-content\/uploads\/2022\/12\/tardor-702x1030.jpg' class='avia_image'  ><img class='avia_image ' src='https:\/\/www.flassaders.org\/wp-content\/uploads\/2022\/12\/tardor-205x300.jpg' alt='' title='tardor'  itemprop=\"thumbnailUrl\"  \/><\/a><\/div><\/div><\/div>\n\n<\/div><\/div><\/div><!-- close content main div --><\/div><\/div><div id='av_section_63' class='avia-section main_color avia-section-default avia-no-shadow avia-bg-style-scroll   container_wrap fullsize'   ><div class='container' ><div class='template-page content  av-content-full alpha units'><div class='post-entry post-entry-type-page post-entry-14472'><div class='entry-content-wrapper clearfix'>\n<div class=\"flex_column av_one_half  flex_column_div av-zero-column-padding first  \" style='border-radius:0px; '><div class='avia-image-container  av-styling-no-styling    avia-align-center '  itemprop=\"ImageObject\" itemscope=\"itemscope\" itemtype=\"https:\/\/schema.org\/ImageObject\"  ><div class='avia-image-container-inner'><a href='https:\/\/www.flassaders.org\/wp-content\/uploads\/2022\/12\/historiaciudades-705x1030.jpg' class='avia_image'  ><img class='avia_image ' src='https:\/\/www.flassaders.org\/wp-content\/uploads\/2022\/12\/historiaciudades-205x300.jpg' alt='' title='historiaciudades'  itemprop=\"thumbnailUrl\"  \/><\/a><\/div><\/div><\/div><div class=\"flex_column av_one_half  flex_column_div av-zero-column-padding   \" style='border-radius:0px; '><section class=\"av_textblock_section \"  itemscope=\"itemscope\" itemtype=\"https:\/\/schema.org\/CreativeWork\" ><div class='avia_textblock  '   itemprop=\"text\" ><h3 style=\"font-family: Ruda; font-size: 18pt; color: #222; font-weight: bold;\"><strong>12 de enero: \u00abUna historia de dos ciudades\u00bb\/ \u00abUna hist\u00f2ria de dues ciutats\u00bb.<\/strong><\/h3>\n<h5 style=\"font-family: Ruda; font-size: 13pt; color: #222;\">Charles Dickens (1859)<\/h5>\n<\/div><\/section><br \/>\n<section class=\"av_textblock_section \"  itemscope=\"itemscope\" itemtype=\"https:\/\/schema.org\/CreativeWork\" ><div class='avia_textblock  '   itemprop=\"text\" ><p class=\"p1\"><span style=\"font-family: Muli; font-size: 13pt;\">Novela cl\u00e1sica ambientada, sobre todo, en Paris y Londres, en la \u00e9poca de la Revoluci\u00f3n Francesa.<\/span><\/p>\n<\/div><\/section><\/p><\/div>\n\n<\/div><\/div><\/div><!-- close content main div --><\/div><\/div><div id='av_section_64' class='avia-section main_color avia-section-default avia-no-shadow avia-bg-style-scroll   container_wrap fullsize'   ><div class='container' ><div class='template-page content  av-content-full alpha units'><div class='post-entry post-entry-type-page post-entry-14472'><div class='entry-content-wrapper clearfix'>\n<div class=\"flex_column av_one_half  flex_column_div av-zero-column-padding first  \" style='border-radius:0px; '><section class=\"av_textblock_section \"  itemscope=\"itemscope\" itemtype=\"https:\/\/schema.org\/CreativeWork\" ><div class='avia_textblock  '   itemprop=\"text\" ><h3 style=\"font-family: Ruda; font-size: 18pt; color: #222; font-weight: bold;\"><strong>15 de diciembre: \u00abEl mapa de los afectos\u00bb.<\/strong><\/h3>\n<h5 style=\"font-family: Ruda; font-size: 13pt; color: #222;\">Ana Merino ( Premio Nadal 2020)<\/h5>\n<\/div><\/section><br \/>\n<section class=\"av_textblock_section \"  itemscope=\"itemscope\" itemtype=\"https:\/\/schema.org\/CreativeWork\" ><div class='avia_textblock  '   itemprop=\"text\" ><p class=\"p1\"><span style=\"font-family: Muli; font-size: 13pt;\">La vida en una peque\u00f1a comunidad rural, en la actual Am\u00e9rica profunda. Un mosaico de personajes.<\/span><\/p>\n<\/div><\/section><\/p><\/div><div class=\"flex_column av_one_half  flex_column_div av-zero-column-padding   \" style='border-radius:0px; '><div class='avia-image-container  av-styling-no-styling    avia-align-center '  itemprop=\"ImageObject\" itemscope=\"itemscope\" itemtype=\"https:\/\/schema.org\/ImageObject\"  ><div class='avia-image-container-inner'><a href='https:\/\/www.flassaders.org\/wp-content\/uploads\/2022\/10\/mapa-afectos-678x1030.jpg' class='avia_image'  ><img class='avia_image ' src='https:\/\/www.flassaders.org\/wp-content\/uploads\/2022\/10\/mapa-afectos-197x300.jpg' alt='' title='mapa afectos'  itemprop=\"thumbnailUrl\"  \/><\/a><\/div><\/div><\/div>\n\n<\/div><\/div><\/div><!-- close content main div --><\/div><\/div><div id='av_section_65' class='avia-section main_color avia-section-default avia-no-shadow avia-bg-style-scroll   container_wrap fullsize'   ><div class='container' ><div class='template-page content  av-content-full alpha units'><div class='post-entry post-entry-type-page post-entry-14472'><div class='entry-content-wrapper clearfix'>\n<div class=\"flex_column av_one_half  flex_column_div av-zero-column-padding first  \" style='border-radius:0px; '><div class='avia-image-container  av-styling-no-styling    avia-align-center '  itemprop=\"ImageObject\" itemscope=\"itemscope\" itemtype=\"https:\/\/schema.org\/ImageObject\"  ><div class='avia-image-container-inner'><a href='https:\/\/www.flassaders.org\/wp-content\/uploads\/2022\/10\/Gringo-viejo-652x1030.jpeg' class='avia_image'  ><img class='avia_image ' src='https:\/\/www.flassaders.org\/wp-content\/uploads\/2022\/10\/Gringo-viejo-190x300.jpeg' alt='' title='Gringo-viejo'  itemprop=\"thumbnailUrl\"  \/><\/a><\/div><\/div><\/div><div class=\"flex_column av_one_half  flex_column_div av-zero-column-padding   \" style='border-radius:0px; '><section class=\"av_textblock_section \"  itemscope=\"itemscope\" itemtype=\"https:\/\/schema.org\/CreativeWork\" ><div class='avia_textblock  '   itemprop=\"text\" ><h3 style=\"font-family: Ruda; font-size: 18pt; color: #222; font-weight: bold;\"><strong>1 de diciembre: \u00abGringo viejo\u00bb.<\/strong><\/h3>\n<h5 style=\"font-family: Ruda; font-size: 13pt; color: #222;\">Carlos Fuentes (1985)<\/h5>\n<\/div><\/section><br \/>\n<section class=\"av_textblock_section \"  itemscope=\"itemscope\" itemtype=\"https:\/\/schema.org\/CreativeWork\" ><div class='avia_textblock  '   itemprop=\"text\" ><p class=\"p1\"><span style=\"font-family: Muli; font-size: 13pt;\"> Historia de un periodista norteamericano que va a M\u00e9xico a luchar con Pancho Villa, en la Revoluci\u00f3n.<br \/>\n<\/span><\/p>\n<\/div><\/section><\/p><\/div>\n\n<\/div><\/div><\/div><!-- close content main div --><\/div><\/div><div id='av_section_66' class='avia-section main_color avia-section-default avia-no-shadow avia-bg-style-scroll   container_wrap fullsize'   ><div class='container' ><div class='template-page content  av-content-full alpha units'><div class='post-entry post-entry-type-page post-entry-14472'><div class='entry-content-wrapper clearfix'>\n<div class=\"flex_column av_one_half  flex_column_div av-zero-column-padding first  \" style='border-radius:0px; '><section class=\"av_textblock_section \"  itemscope=\"itemscope\" itemtype=\"https:\/\/schema.org\/CreativeWork\" ><div class='avia_textblock  '   itemprop=\"text\" ><h3 style=\"font-family: Ruda; font-size: 18pt; color: #222; font-weight: bold;\"><strong>17 de noviembre: \u00abEl rojo emblema del valor\u00bb.<\/strong><\/h3>\n<h5 style=\"font-family: Ruda; font-size: 13pt; color: #222;\">Stephen Crane (1895)<\/h5>\n<\/div><\/section><br \/>\n<section class=\"av_textblock_section \"  itemscope=\"itemscope\" itemtype=\"https:\/\/schema.org\/CreativeWork\" ><div class='avia_textblock  '   itemprop=\"text\" ><p class=\"p1\"><span style=\"font-family: Muli; font-size: 13pt;\">Cuenta la situaci\u00f3n de un joven soldado durante la Guerra Civil americana.<br \/>\nTambi\u00e9n se puede encontrar como \u201cLa roja insignia del valor\u201d, \u201cLa insignia roja del coratge\u201d o \u201cThe red badge of courage\u201d.<br \/>\n<\/span><\/p>\n<\/div><\/section><\/p><\/div><div class=\"flex_column av_one_half  flex_column_div av-zero-column-padding   \" style='border-radius:0px; '><div class='avia-image-container  av-styling-no-styling    avia-align-center '  itemprop=\"ImageObject\" itemscope=\"itemscope\" itemtype=\"https:\/\/schema.org\/ImageObject\"  ><div class='avia-image-container-inner'><a href='https:\/\/www.flassaders.org\/wp-content\/uploads\/2022\/10\/rojo-emblema-730x1030.jpg' class='avia_image'  ><img class='avia_image ' src='https:\/\/www.flassaders.org\/wp-content\/uploads\/2022\/10\/rojo-emblema-213x300.jpg' alt='' title='rojo emblema'  itemprop=\"thumbnailUrl\"  \/><\/a><\/div><\/div><\/div>\n\n<\/div><\/div><\/div><!-- close content main div --><\/div><\/div><div id='av_section_67' class='avia-section main_color avia-section-default avia-no-shadow avia-bg-style-scroll   container_wrap fullsize'   ><div class='container' ><div class='template-page content  av-content-full alpha units'><div class='post-entry post-entry-type-page post-entry-14472'><div class='entry-content-wrapper clearfix'>\n<div class=\"flex_column av_one_half  flex_column_div av-zero-column-padding first  \" style='border-radius:0px; '><div class='avia-image-container  av-styling-no-styling    avia-align-center '  itemprop=\"ImageObject\" itemscope=\"itemscope\" itemtype=\"https:\/\/schema.org\/ImageObject\"  ><div class='avia-image-container-inner'><a href='https:\/\/www.flassaders.org\/wp-content\/uploads\/2022\/10\/VERA.jpg' class='avia_image'  ><img class='avia_image ' src='https:\/\/www.flassaders.org\/wp-content\/uploads\/2022\/10\/VERA-200x300.jpg' alt='' title='VERA'  itemprop=\"thumbnailUrl\"  \/><\/a><\/div><\/div><\/div><div class=\"flex_column av_one_half  flex_column_div av-zero-column-padding   \" style='border-radius:0px; '><section class=\"av_textblock_section \"  itemscope=\"itemscope\" itemtype=\"https:\/\/schema.org\/CreativeWork\" ><div class='avia_textblock  '   itemprop=\"text\" ><h3 style=\"font-family: Ruda; font-size: 18pt; color: #222; font-weight: bold;\"><strong>3 de noviembre: \u00abVera\u00bb.<\/strong><\/h3>\n<h5 style=\"font-family: Ruda; font-size: 13pt; color: #222;\">Elizabeth von Arnim (1921)<\/h5>\n<\/div><\/section><br \/>\n<section class=\"av_textblock_section \"  itemscope=\"itemscope\" itemtype=\"https:\/\/schema.org\/CreativeWork\" ><div class='avia_textblock  '   itemprop=\"text\" ><p class=\"p1\"><span style=\"font-family: Muli; font-size: 13pt;\">Se la conoce c\u00f3mo la precursora de \u201cRebeca\u201d, de Daphne de Maurier.<br \/>\nConmemoraremos el D\u00eda de la Mujer Escritora, aunque sea con un poco de retraso.<br \/>\n<\/span><\/p>\n<\/div><\/section><\/p><\/div>\n\n<\/div><\/div><\/div><!-- close content main div --><\/div><\/div><div id='av_section_68' class='avia-section main_color avia-section-default avia-no-shadow avia-bg-style-scroll   container_wrap fullsize'   ><div class='container' ><div class='template-page content  av-content-full alpha units'><div class='post-entry post-entry-type-page post-entry-14472'><div class='entry-content-wrapper clearfix'>\n<div class=\"flex_column av_one_half  flex_column_div av-zero-column-padding first  \" style='border-radius:0px; '><section class=\"av_textblock_section \"  itemscope=\"itemscope\" itemtype=\"https:\/\/schema.org\/CreativeWork\" ><div class='avia_textblock  '   itemprop=\"text\" ><h3 style=\"font-family: Ruda; font-size: 18pt; color: #222; font-weight: bold;\"><strong>20 de octubre: \u00abCorf\u00fa, Cabrera, Martinica. Breviari d&#8217;illes i miratges\u00bb.<\/strong><\/h3>\n<h5 style=\"font-family: Ruda; font-size: 13pt; color: #222;\">Miquel \u00c0ngel Llauger (2021)<\/h5>\n<\/div><\/section><br \/>\n<section class=\"av_textblock_section \"  itemscope=\"itemscope\" itemtype=\"https:\/\/schema.org\/CreativeWork\" ><div class='avia_textblock  '   itemprop=\"text\" ><p class=\"p1\"><span style=\"font-family: Muli; font-size: 13pt;\">Geograf\u00eda, Historia, Poes\u00eda\u2026 Muchas cosas para ser un libro tan peque\u00f1o.<br \/>\n<\/span><\/p>\n<\/div><\/section><\/p><\/div><div class=\"flex_column av_one_half  flex_column_div av-zero-column-padding   \" style='border-radius:0px; '><div class='avia-image-container  av-styling-no-styling    avia-align-center '  itemprop=\"ImageObject\" itemscope=\"itemscope\" itemtype=\"https:\/\/schema.org\/ImageObject\"  ><div class='avia-image-container-inner'><a href='https:\/\/www.flassaders.org\/wp-content\/uploads\/2022\/10\/Corfu-Cabrera-Martinica-750x1030.jpeg' class='avia_image'  ><img class='avia_image ' src='https:\/\/www.flassaders.org\/wp-content\/uploads\/2022\/10\/Corfu-Cabrera-Martinica-218x300.jpeg' alt='' title='Imprimir'  itemprop=\"thumbnailUrl\"  \/><\/a><\/div><\/div><\/div>\n\n<\/div><\/div><\/div><!-- close content main div --><\/div><\/div><div id='av_section_69' class='avia-section main_color avia-section-default avia-no-shadow avia-bg-style-scroll   container_wrap fullsize'   ><div class='container' ><div class='template-page content  av-content-full alpha units'><div class='post-entry post-entry-type-page post-entry-14472'><div class='entry-content-wrapper clearfix'>\n<div class=\"flex_column av_one_half  flex_column_div av-zero-column-padding first  \" style='border-radius:0px; '><div class='avia-image-container  av-styling-no-styling    avia-align-center '  itemprop=\"ImageObject\" itemscope=\"itemscope\" itemtype=\"https:\/\/schema.org\/ImageObject\"  ><div class='avia-image-container-inner'><a href='https:\/\/www.flassaders.org\/wp-content\/uploads\/2022\/06\/17-1030x1010.png' class='avia_image'  ><img class='avia_image ' src='https:\/\/www.flassaders.org\/wp-content\/uploads\/2022\/06\/17-300x294.png' alt='' title='17'  itemprop=\"thumbnailUrl\"  \/><\/a><\/div><\/div><\/div><div class=\"flex_column av_one_half  flex_column_div av-zero-column-padding   \" style='border-radius:0px; '><section class=\"av_textblock_section \"  itemscope=\"itemscope\" itemtype=\"https:\/\/schema.org\/CreativeWork\" ><div class='avia_textblock  '   itemprop=\"text\" ><h3 style=\"font-family: Ruda; font-size: 18pt; color: #222; font-weight: bold;\"><strong>6 de octubre: Primera sesi\u00f3n del nuevo curso.<br \/>\n\u00abEl Jilgero\u00bb<\/strong><\/h3>\n<h5 style=\"font-family: Ruda; font-size: 13pt; color: #222;\">Donna Tartt, Premio Pulitzer 2014.<\/h5>\n<\/div><\/section><br \/>\n<section class=\"av_textblock_section \"  itemscope=\"itemscope\" itemtype=\"https:\/\/schema.org\/CreativeWork\" ><div class='avia_textblock  '   itemprop=\"text\" ><p class=\"p1\"><span style=\"font-family: Muli; font-size: 13pt;\">Un recorrido de un ni\u00f1o y un cuadro, a lo largo de m\u00e1s de 10 a\u00f1os y diversos pa\u00edses.<br \/>\n<\/span><\/p>\n<\/div><\/section><\/p><\/div>\n\n<div class=\"flex_column av_one_full  flex_column_div av-zero-column-padding first  \" style='border-radius:0px; '><section class=\"av_textblock_section \"  itemscope=\"itemscope\" itemtype=\"https:\/\/schema.org\/CreativeWork\" ><div class='avia_textblock  '   itemprop=\"text\" ><h3 style=\"font-family: Ruda; font-size: 20pt; color: #222; font-weight: bold;\"><strong>Edici\u00f3n 2021 &#8211; 2022<\/strong><\/h3>\n<\/div><\/section><\/div>\n<\/div><\/div><\/div><!-- close content main div --><\/div><\/div><div id='av_section_70' class='avia-section main_color avia-section-default avia-no-shadow avia-bg-style-scroll   container_wrap fullsize'   ><div class='container' ><div class='template-page content  av-content-full alpha units'><div class='post-entry post-entry-type-page post-entry-14472'><div class='entry-content-wrapper clearfix'>\n<div class=\"flex_column av_one_half  flex_column_div av-zero-column-padding first  \" style='border-radius:0px; '><section class=\"av_textblock_section \"  itemscope=\"itemscope\" itemtype=\"https:\/\/schema.org\/CreativeWork\" ><div class='avia_textblock  '   itemprop=\"text\" ><h3 style=\"font-family: Ruda; font-size: 18pt; color: #222; font-weight: bold;\"><strong>16 de junio: Sesi\u00f3n final de curso.<\/strong><\/h3>\n<\/div><\/section><br \/>\n<section class=\"av_textblock_section \"  itemscope=\"itemscope\" itemtype=\"https:\/\/schema.org\/CreativeWork\" ><div class='avia_textblock  '   itemprop=\"text\" ><p class=\"p1\"><span style=\"font-family: Muli; font-size: 13pt;\">Conversaci\u00f3n y valoraci\u00f3n de c\u00f3mo ha ido la temporada, los libros escogidos, etc.<br \/>\n<\/span><\/p>\n<\/div><\/section><\/p><\/div><div class=\"flex_column av_one_half  flex_column_div av-zero-column-padding   \" style='border-radius:0px; '><div class='avia-image-container  av-styling-no-styling    avia-align-center '  itemprop=\"ImageObject\" itemscope=\"itemscope\" itemtype=\"https:\/\/schema.org\/ImageObject\"  ><div class='avia-image-container-inner'><a href='https:\/\/www.flassaders.org\/wp-content\/uploads\/2022\/05\/16-1030x1010.png' class='avia_image'  ><img class='avia_image ' src='https:\/\/www.flassaders.org\/wp-content\/uploads\/2022\/05\/16-300x294.png' alt='' title='16'  itemprop=\"thumbnailUrl\"  \/><\/a><\/div><\/div><\/div>\n\n<\/div><\/div><\/div><!-- close content main div --><\/div><\/div><div id='av_section_71' class='avia-section main_color avia-section-default avia-no-shadow avia-bg-style-scroll   container_wrap fullsize'   ><div class='container' ><div class='template-page content  av-content-full alpha units'><div class='post-entry post-entry-type-page post-entry-14472'><div class='entry-content-wrapper clearfix'>\n<div class=\"flex_column av_one_half  flex_column_div av-zero-column-padding first  \" style='border-radius:0px; '><div class='avia-image-container  av-styling-no-styling    avia-align-center '  itemprop=\"ImageObject\" itemscope=\"itemscope\" itemtype=\"https:\/\/schema.org\/ImageObject\"  ><div class='avia-image-container-inner'><a href='https:\/\/www.flassaders.org\/wp-content\/uploads\/2022\/05\/15-1030x1010.png' class='avia_image'  ><img class='avia_image ' src='https:\/\/www.flassaders.org\/wp-content\/uploads\/2022\/05\/15-300x294.png' alt='' title='15'  itemprop=\"thumbnailUrl\"  \/><\/a><\/div><\/div><\/div><div class=\"flex_column av_one_half  flex_column_div av-zero-column-padding   \" style='border-radius:0px; '><section class=\"av_textblock_section \"  itemscope=\"itemscope\" itemtype=\"https:\/\/schema.org\/CreativeWork\" ><div class='avia_textblock  '   itemprop=\"text\" ><h3 style=\"font-family: Ruda; font-size: 18pt; color: #222; font-weight: bold;\"><strong>Lectura 2 de junio: \u00abNuestro hombre en La Habana\u00bb.<\/strong><\/h3>\n<h5 style=\"font-family: Ruda; font-size: 13pt; color: #222;\">Graham Greene (1958)<\/h5>\n<\/div><\/section><br \/>\n<section class=\"av_textblock_section \"  itemscope=\"itemscope\" itemtype=\"https:\/\/schema.org\/CreativeWork\" ><div class='avia_textblock  '   itemprop=\"text\" ><p class=\"p1\"><span style=\"font-family: Muli; font-size: 13pt;\">Visi\u00f3n sarc\u00e1stica del mundo del espionaje, que estaba tan de moda en aquel momento\u2026 y todav\u00eda ahora.<br \/>\n<\/span><\/p>\n<\/div><\/section><\/p><\/div>\n\n<\/div><\/div><\/div><!-- close content main div --><\/div><\/div><div id='av_section_72' class='avia-section main_color avia-section-default avia-no-shadow avia-bg-style-scroll   container_wrap fullsize'   ><div class='container' ><div class='template-page content  av-content-full alpha units'><div class='post-entry post-entry-type-page post-entry-14472'><div class='entry-content-wrapper clearfix'>\n<div class=\"flex_column av_one_half  flex_column_div av-zero-column-padding first  \" style='border-radius:0px; '><section class=\"av_textblock_section \"  itemscope=\"itemscope\" itemtype=\"https:\/\/schema.org\/CreativeWork\" ><div class='avia_textblock  '   itemprop=\"text\" ><h3 style=\"font-family: Ruda; font-size: 18pt; color: #222; font-weight: bold;\"><strong>Lectura 19 de mayo: \u00abAbdallah Karim, el predicador\u00bb.<\/strong><\/h3>\n<h5 style=\"font-family: Ruda; font-size: 13pt; color: #222;\">Miquel Ferr\u00e0 i Martorell (2004). Premio Ciutat de Palma.<\/h5>\n<\/div><\/section><br \/>\n<section class=\"av_textblock_section \"  itemscope=\"itemscope\" itemtype=\"https:\/\/schema.org\/CreativeWork\" ><div class='avia_textblock  '   itemprop=\"text\" ><p class=\"p1\"><span style=\"font-family: Muli; font-size: 13pt;\">Relato literario en primera persona, mientras va camino de la batalla d\u2019Annual.<br \/>\n<\/span><\/p>\n<\/div><\/section><\/p><\/div><div class=\"flex_column av_one_half  flex_column_div av-zero-column-padding   \" style='border-radius:0px; '><div class='avia-image-container  av-styling-no-styling    avia-align-center '  itemprop=\"ImageObject\" itemscope=\"itemscope\" itemtype=\"https:\/\/schema.org\/ImageObject\"  ><div class='avia-image-container-inner'><a href='https:\/\/www.flassaders.org\/wp-content\/uploads\/2022\/04\/14-1030x1010.png' class='avia_image'  ><img class='avia_image ' src='https:\/\/www.flassaders.org\/wp-content\/uploads\/2022\/04\/14-300x294.png' alt='' title='14'  itemprop=\"thumbnailUrl\"  \/><\/a><\/div><\/div><\/div>\n\n<\/div><\/div><\/div><!-- close content main div --><\/div><\/div><div id='av_section_73' class='avia-section main_color avia-section-default avia-no-shadow avia-bg-style-scroll   container_wrap fullsize'   ><div class='container' ><div class='template-page content  av-content-full alpha units'><div class='post-entry post-entry-type-page post-entry-14472'><div class='entry-content-wrapper clearfix'>\n<div class=\"flex_column av_one_half  flex_column_div av-zero-column-padding first  \" style='border-radius:0px; '><div class='avia-image-container  av-styling-no-styling    avia-align-center '  itemprop=\"ImageObject\" itemscope=\"itemscope\" itemtype=\"https:\/\/schema.org\/ImageObject\"  ><div class='avia-image-container-inner'><a href='https:\/\/www.flassaders.org\/wp-content\/uploads\/2022\/04\/13-1030x1010.png' class='avia_image'  ><img class='avia_image ' src='https:\/\/www.flassaders.org\/wp-content\/uploads\/2022\/04\/13-300x294.png' alt='' title='13'  itemprop=\"thumbnailUrl\"  \/><\/a><\/div><\/div><\/div><div class=\"flex_column av_one_half  flex_column_div av-zero-column-padding   \" style='border-radius:0px; '><section class=\"av_textblock_section \"  itemscope=\"itemscope\" itemtype=\"https:\/\/schema.org\/CreativeWork\" ><div class='avia_textblock  '   itemprop=\"text\" ><h3 style=\"font-family: Ruda; font-size: 18pt; color: #222; font-weight: bold;\"><strong>Lectura 5 de mayo: \u00abLos a\u00f1os\u00bb\/ \u00abEls anys\u00bb\/ \u00abLes ann\u00e9es\u00bb.<\/strong><\/h3>\n<h3 style=\"font-family: Ruda; font-size: 13pt; color: #222; font-weight: bold;\"><strong>Annie Ernaux (2008)<\/strong><\/h3>\n<\/div><\/section><br \/>\n<section class=\"av_textblock_section \"  itemscope=\"itemscope\" itemtype=\"https:\/\/schema.org\/CreativeWork\" ><div class='avia_textblock  '   itemprop=\"text\" ><p class=\"p1\"><span style=\"font-family: Mulit; font-size: 13pt;\">Modelo singular de autobiograf\u00eda que evoluciona desde los recuerdos m\u00e1s personales hasta una visi\u00f3n m\u00e1s global de la sociedad y pol\u00edtica francesas.<br \/>\n<\/span><\/p>\n<\/div><\/section><\/p><\/div>\n\n<\/div><\/div><\/div><!-- close content main div --><\/div><\/div><div id='av_section_74' class='avia-section main_color avia-section-default avia-no-shadow avia-bg-style-scroll   container_wrap fullsize'   ><div class='container' ><div class='template-page content  av-content-full alpha units'><div class='post-entry post-entry-type-page post-entry-14472'><div class='entry-content-wrapper clearfix'>\n<div class=\"flex_column av_one_half  flex_column_div av-zero-column-padding first  \" style='border-radius:0px; '><section class=\"av_textblock_section \"  itemscope=\"itemscope\" itemtype=\"https:\/\/schema.org\/CreativeWork\" ><div class='avia_textblock  '   itemprop=\"text\" ><h3 style=\"font-family: Ruda; font-size: 18pt; color: #222; font-weight: bold;\"><strong>Lectura 21 de abril: \u00abEl port de les aromes\u00bb. <\/strong><\/h3>\n<h3 style=\"font-family: Ruda; font-size: 13pt; color: #222; font-weight: bold;\"><strong>John Lanchester (2002)<\/strong><\/h3>\n<\/div><\/section><br \/>\n<section class=\"av_textblock_section \"  itemscope=\"itemscope\" itemtype=\"https:\/\/schema.org\/CreativeWork\" ><div class='avia_textblock  '   itemprop=\"text\" ><p class=\"p1\"><span style=\"font-family: Muli; font-size: 13pt;\"><br \/>\nInmigraci\u00f3n y sociedad en Hong Kong, a lo largo del SXX, cuando todav\u00eda era colonia inglesa.<\/span><\/p>\n<\/div><\/section><\/p><\/div><div class=\"flex_column av_one_half  flex_column_div av-zero-column-padding   \" style='border-radius:0px; '><div class='avia-image-container  av-styling-no-styling    avia-align-center '  itemprop=\"ImageObject\" itemscope=\"itemscope\" itemtype=\"https:\/\/schema.org\/ImageObject\"  ><div class='avia-image-container-inner'><a href='https:\/\/www.flassaders.org\/wp-content\/uploads\/2022\/04\/12-1030x1010.png' class='avia_image'  ><img class='avia_image ' src='https:\/\/www.flassaders.org\/wp-content\/uploads\/2022\/04\/12-300x294.png' alt='' title='12'  itemprop=\"thumbnailUrl\"  \/><\/a><\/div><\/div><\/div>\n\n<\/div><\/div><\/div><!-- close content main div --><\/div><\/div><div id='av_section_75' class='avia-section main_color avia-section-default avia-no-shadow avia-bg-style-scroll   container_wrap fullsize'   ><div class='container' ><div class='template-page content  av-content-full alpha units'><div class='post-entry post-entry-type-page post-entry-14472'><div class='entry-content-wrapper clearfix'>\n<div class=\"flex_column av_one_half  flex_column_div av-zero-column-padding first  \" style='border-radius:0px; '><div class='avia-image-container  av-styling-no-styling    avia-align-center '  itemprop=\"ImageObject\" itemscope=\"itemscope\" itemtype=\"https:\/\/schema.org\/ImageObject\"  ><div class='avia-image-container-inner'><a href='https:\/\/www.flassaders.org\/wp-content\/uploads\/2022\/04\/11-1030x1010.png' class='avia_image'  ><img class='avia_image ' src='https:\/\/www.flassaders.org\/wp-content\/uploads\/2022\/04\/11-300x294.png' alt='' title='11'  itemprop=\"thumbnailUrl\"  \/><\/a><\/div><\/div><\/div><div class=\"flex_column av_one_half  flex_column_div av-zero-column-padding   \" style='border-radius:0px; '><section class=\"av_textblock_section \"  itemscope=\"itemscope\" itemtype=\"https:\/\/schema.org\/CreativeWork\" ><div class='avia_textblock  '   itemprop=\"text\" ><h3 style=\"font-family: Ruda; font-size: 18pt; color: #222; font-weight: bold;\"><strong>Lectura 7 de abril: \u00abT\u00e0ndem\u00bb. <\/strong><\/h3>\n<h3 style=\"font-family: Ruda; font-size: 13pt; color: #222; font-weight: bold;\"><strong>Maria Barbal (2021). Premio Josep Pl\u00e0<\/strong><\/h3>\n<\/div><\/section><br \/>\n<section class=\"av_textblock_section \"  itemscope=\"itemscope\" itemtype=\"https:\/\/schema.org\/CreativeWork\" ><div class='avia_textblock  '   itemprop=\"text\" ><p class=\"p1\"><span style=\"font-family: Muli; font-size: 13pt;\"> Novela sencilla, que habla de segundas oportunidades en la vida.<br \/>\n<\/span><\/p>\n<\/div><\/section><\/p><\/div>\n\n<\/div><\/div><\/div><!-- close content main div --><\/div><\/div><div id='av_section_76' class='avia-section main_color avia-section-default avia-no-shadow avia-bg-style-scroll   container_wrap fullsize'   ><div class='container' ><div class='template-page content  av-content-full alpha units'><div class='post-entry post-entry-type-page post-entry-14472'><div class='entry-content-wrapper clearfix'>\n<div class=\"flex_column av_one_half  flex_column_div av-zero-column-padding first  \" style='border-radius:0px; '><section class=\"av_textblock_section \"  itemscope=\"itemscope\" itemtype=\"https:\/\/schema.org\/CreativeWork\" ><div class='avia_textblock  '   itemprop=\"text\" ><h3 style=\"font-family: Ruda; font-size: 18pt; color: #222; font-weight: bold;\"><strong>Lectura 24 de marzo: \u00abCam\u00ed de sirga\u00bb<\/strong><\/h3>\n<h3 style=\"font-family: Ruda; font-size: 13pt; color: #222; font-weight: bold;\"><strong> Jes\u00fas Moncada (1988)<\/strong><\/h3>\n<\/div><\/section><br \/>\n<section class=\"av_textblock_section \"  itemscope=\"itemscope\" itemtype=\"https:\/\/schema.org\/CreativeWork\" ><div class='avia_textblock  '   itemprop=\"text\" ><p class=\"p1\"><span style=\"font-family: Muli; font-size: 13pt;\"> Novela emblem\u00e1tica que habla de 100 a\u00f1os de historia de la villa de Mequinenza, y del R\u00edo Ebro, a partir de la construcci\u00f3n del pantano que la aneg\u00f3.<br \/>\n<\/span><\/p>\n<\/div><\/section><\/p><\/div><div class=\"flex_column av_one_half  flex_column_div av-zero-column-padding   \" style='border-radius:0px; '><div class='avia-image-container  av-styling-no-styling    avia-align-center '  itemprop=\"ImageObject\" itemscope=\"itemscope\" itemtype=\"https:\/\/schema.org\/ImageObject\"  ><div class='avia-image-container-inner'><a href='https:\/\/www.flassaders.org\/wp-content\/uploads\/2022\/04\/10.png' class='avia_image'  ><img class='avia_image ' src='https:\/\/www.flassaders.org\/wp-content\/uploads\/2022\/04\/10-300x295.png' alt='' title='10'  itemprop=\"thumbnailUrl\"  \/><\/a><\/div><\/div><\/div>\n\n<\/div><\/div><\/div><!-- close content main div --><\/div><\/div><div id='av_section_77' class='avia-section main_color avia-section-default avia-no-shadow avia-bg-style-scroll   container_wrap fullsize'   ><div class='container' ><div class='template-page content  av-content-full alpha units'><div class='post-entry post-entry-type-page post-entry-14472'><div class='entry-content-wrapper clearfix'>\n<div class=\"flex_column av_one_half  flex_column_div av-zero-column-padding first  \" style='border-radius:0px; '><div class='avia-image-container  av-styling-no-styling    avia-align-center '  itemprop=\"ImageObject\" itemscope=\"itemscope\" itemtype=\"https:\/\/schema.org\/ImageObject\"  ><div class='avia-image-container-inner'><a href='https:\/\/www.flassaders.org\/wp-content\/uploads\/2022\/01\/poesia-1030x1010.png' class='avia_image'  ><img class='avia_image ' src='https:\/\/www.flassaders.org\/wp-content\/uploads\/2022\/01\/poesia.png' alt='' title='poesia'  itemprop=\"thumbnailUrl\"  \/><\/a><\/div><\/div><\/div><div class=\"flex_column av_one_half  flex_column_div av-zero-column-padding   \" style='border-radius:0px; '><section class=\"av_textblock_section \"  itemscope=\"itemscope\" itemtype=\"https:\/\/schema.org\/CreativeWork\" ><div class='avia_textblock  '   itemprop=\"text\" ><h3 style=\"font-family: Ruda; font-size: 18pt; color: #222; font-weight: bold;\"><strong>Lectura 10 de marzo: Tarde po\u00e9tica<\/strong><\/h3>\n<\/div><\/section><br \/>\n<section class=\"av_textblock_section \"  itemscope=\"itemscope\" itemtype=\"https:\/\/schema.org\/CreativeWork\" ><div class='avia_textblock  '   itemprop=\"text\" ><p class=\"p1\"><span style=\"font-family: Muli; font-size: 13pt;\"> Cada asistente traer\u00e1 dos poemas escogidos libremente, los leer\u00e1 y explicar\u00e1 brevemente porqu\u00e9 los ha escogido.<br \/>\n<\/span><\/p>\n<\/div><\/section><\/p><\/div>\n\n<\/div><\/div><\/div><!-- close content main div --><\/div><\/div><div id='av_section_78' class='avia-section main_color avia-section-default avia-no-shadow avia-bg-style-scroll   container_wrap fullsize'   ><div class='container' ><div class='template-page content  av-content-full alpha units'><div class='post-entry post-entry-type-page post-entry-14472'><div class='entry-content-wrapper clearfix'>\n<div class=\"flex_column av_one_half  flex_column_div av-zero-column-padding first  \" style='border-radius:0px; '><section class=\"av_textblock_section \"  itemscope=\"itemscope\" itemtype=\"https:\/\/schema.org\/CreativeWork\" ><div class='avia_textblock  '   itemprop=\"text\" ><h3 style=\"font-family: Ruda; font-size: 18pt; color: #222; font-weight: bold;\"><strong>Lectura 24 de febrero: \u00abSeis personajes en busca de autor\u00bb. <\/strong><\/h3>\n<h3 style=\"font-family: Ruda; font-size: 13pt; color: #222; font-weight: bold;\"><strong>Luigi Pirandello (1921)<\/strong><\/h3>\n<\/div><\/section><br \/>\n<section class=\"av_textblock_section \"  itemscope=\"itemscope\" itemtype=\"https:\/\/schema.org\/CreativeWork\" ><div class='avia_textblock  '   itemprop=\"text\" ><p class=\"p1\"><span style=\"font-family: Muli; font-size: 13pt;\">Obra de teatro, estrenada hace 100 a\u00f1os, que supuso todo un cambio en el mundo de la escena europea. Teatro dentro del teatro.<br \/>\n<\/span><\/p>\n<\/div><\/section><\/p><\/div><div class=\"flex_column av_one_half  flex_column_div av-zero-column-padding   \" style='border-radius:0px; '><div class='avia-image-container  av-styling-no-styling    avia-align-center '  itemprop=\"ImageObject\" itemscope=\"itemscope\" itemtype=\"https:\/\/schema.org\/ImageObject\"  ><div class='avia-image-container-inner'><a href='https:\/\/www.flassaders.org\/wp-content\/uploads\/2022\/01\/personajes_busca-1030x1010.png' class='avia_image'  ><img class='avia_image ' src='https:\/\/www.flassaders.org\/wp-content\/uploads\/2022\/01\/personajes_busca.png' alt='' title='personajes_busca'  itemprop=\"thumbnailUrl\"  \/><\/a><\/div><\/div><\/div>\n\n<\/div><\/div><\/div><!-- close content main div --><\/div><\/div><div id='av_section_79' class='avia-section main_color avia-section-default avia-no-shadow avia-bg-style-scroll   container_wrap fullsize'   ><div class='container' ><div class='template-page content  av-content-full alpha units'><div class='post-entry post-entry-type-page post-entry-14472'><div class='entry-content-wrapper clearfix'>\n<div class=\"flex_column av_one_half  flex_column_div av-zero-column-padding first  \" style='border-radius:0px; '><div class='avia-image-container  av-styling-no-styling    avia-align-center '  itemprop=\"ImageObject\" itemscope=\"itemscope\" itemtype=\"https:\/\/schema.org\/ImageObject\"  ><div class='avia-image-container-inner'><a href='https:\/\/www.flassaders.org\/wp-content\/uploads\/2022\/01\/pazos_ulloa-1030x1010.png' class='avia_image'  ><img class='avia_image ' src='https:\/\/www.flassaders.org\/wp-content\/uploads\/2022\/01\/pazos_ulloa.png' alt='' title='pazos_ulloa'  itemprop=\"thumbnailUrl\"  \/><\/a><\/div><\/div><\/div><div class=\"flex_column av_one_half  flex_column_div av-zero-column-padding   \" style='border-radius:0px; '><section class=\"av_textblock_section \"  itemscope=\"itemscope\" itemtype=\"https:\/\/schema.org\/CreativeWork\" ><div class='avia_textblock  '   itemprop=\"text\" ><h3 style=\"font-family: Ruda; font-size: 18pt; color: #222; font-weight: bold;\"><strong>Lectura 10 de febrero: \u00abLos pazos de Ulloa\u00bb <\/strong><\/h3>\n<h3 style=\"font-family: Ruda; font-size: 13pt; color: #222; font-weight: bold;\"><strong>Emilia Pardo Baz\u00e1n (1886)<\/strong><\/h3>\n<\/div><\/section><br \/>\n<section class=\"av_textblock_section \"  itemscope=\"itemscope\" itemtype=\"https:\/\/schema.org\/CreativeWork\" ><div class='avia_textblock  '   itemprop=\"text\" ><p class=\"p1\"><span style=\"font-family: Mulit; font-size: 13pt;\">Novela cl\u00e1sica, representativa de una \u00e9poca y sus costumbres en la Galicia del S XIX.<br \/>\n<\/span><\/p>\n<\/div><\/section><\/p><\/div>\n\n<\/div><\/div><\/div><!-- close content main div --><\/div><\/div><div id='av_section_80' class='avia-section main_color avia-section-default avia-no-shadow avia-bg-style-scroll   container_wrap fullsize'   ><div class='container' ><div class='template-page content  av-content-full alpha units'><div class='post-entry post-entry-type-page post-entry-14472'><div class='entry-content-wrapper clearfix'>\n<div class=\"flex_column av_one_half  flex_column_div av-zero-column-padding first  \" style='border-radius:0px; '><section class=\"av_textblock_section \"  itemscope=\"itemscope\" itemtype=\"https:\/\/schema.org\/CreativeWork\" ><div class='avia_textblock  '   itemprop=\"text\" ><h3 style=\"font-family: Ruda; font-size: 18pt; color: #222; font-weight: bold;\"><strong>Lectura 27 de enero: \u00abOlor de col\u00f2nia\u00bb.<\/strong><\/h3>\n<h3 style=\"font-family: Ruda; font-size: 13pt; color: #222; font-weight: bold;\"><strong>Silvia Alc\u00e0ntara (2009)<\/strong><\/h3>\n<\/div><\/section><br \/>\n<section class=\"av_textblock_section \"  itemscope=\"itemscope\" itemtype=\"https:\/\/schema.org\/CreativeWork\" ><div class='avia_textblock  '   itemprop=\"text\" ><p class=\"p1\"><span style=\"font-family: Muli; font-size: 13pt;\">Retrato costumbrista de la vida en las colonias textiles catalanas a principios del S.XX.<br \/>\n<\/span><\/p>\n<\/div><\/section><\/p><\/div><div class=\"flex_column av_one_half  flex_column_div av-zero-column-padding   \" style='border-radius:0px; '><div class='avia-image-container  av-styling-no-styling    avia-align-center '  itemprop=\"ImageObject\" itemscope=\"itemscope\" itemtype=\"https:\/\/schema.org\/ImageObject\"  ><div class='avia-image-container-inner'><a href='https:\/\/www.flassaders.org\/wp-content\/uploads\/2021\/12\/olor_colonia-1030x1010.png' class='avia_image'  ><img class='avia_image ' src='https:\/\/www.flassaders.org\/wp-content\/uploads\/2021\/12\/olor_colonia.png' alt='' title='olor_colonia'  itemprop=\"thumbnailUrl\"  \/><\/a><\/div><\/div><\/div>\n\n<\/div><\/div><\/div><!-- close content main div --><\/div><\/div><div id='av_section_81' class='avia-section main_color avia-section-default avia-no-shadow avia-bg-style-scroll   container_wrap fullsize'   ><div class='container' ><div class='template-page content  av-content-full alpha units'><div class='post-entry post-entry-type-page post-entry-14472'><div class='entry-content-wrapper clearfix'>\n<div class=\"flex_column av_one_half  flex_column_div av-zero-column-padding first  \" style='border-radius:0px; '><div class='avia-image-container  av-styling-no-styling    avia-align-center '  itemprop=\"ImageObject\" itemscope=\"itemscope\" itemtype=\"https:\/\/schema.org\/ImageObject\"  ><div class='avia-image-container-inner'><a href='https:\/\/www.flassaders.org\/wp-content\/uploads\/2021\/12\/seda_alessandro-1030x1010.png' class='avia_image'  ><img class='avia_image ' src='https:\/\/www.flassaders.org\/wp-content\/uploads\/2021\/12\/seda_alessandro.png' alt='' title='seda_alessandro'  itemprop=\"thumbnailUrl\"  \/><\/a><\/div><\/div><\/div><div class=\"flex_column av_one_half  flex_column_div av-zero-column-padding   \" style='border-radius:0px; '><section class=\"av_textblock_section \"  itemscope=\"itemscope\" itemtype=\"https:\/\/schema.org\/CreativeWork\" ><div class='avia_textblock  '   itemprop=\"text\" ><h3 style=\"font-family: Ruda; font-size: 18pt; color: #222; font-weight: bold;\"><strong>Lectura 13 de enero: \u00abSeda\u00bb. <\/strong><\/h3>\n<h3 style=\"font-family: Ruda; font-size: 13pt; color: #222; font-weight: bold;\"><strong>Alessandro Baricco (1996)<\/strong><\/h3>\n<\/div><\/section><br \/>\n<section class=\"av_textblock_section \"  itemscope=\"itemscope\" itemtype=\"https:\/\/schema.org\/CreativeWork\" ><div class='avia_textblock  '   itemprop=\"text\" ><p class=\"p1\"><span style=\"font-family: Mulit; font-size: 13pt;\">Importaci\u00f3n de gusanos de seda en la Francia del S XIX.<br \/>\n<\/span><\/p>\n<\/div><\/section><\/p><\/div>\n\n<\/div><\/div><\/div><!-- close content main div --><\/div><\/div><div id='av_section_82' class='avia-section main_color avia-section-default avia-no-shadow avia-bg-style-scroll   container_wrap fullsize'   ><div class='container' ><div class='template-page content  av-content-full alpha units'><div class='post-entry post-entry-type-page post-entry-14472'><div class='entry-content-wrapper clearfix'>\n<div class=\"flex_column av_one_half  flex_column_div av-zero-column-padding first  \" style='border-radius:0px; '><section class=\"av_textblock_section \"  itemscope=\"itemscope\" itemtype=\"https:\/\/schema.org\/CreativeWork\" ><div class='avia_textblock  '   itemprop=\"text\" ><h3 style=\"font-family: Ruda; font-size: 18pt; color: #222; font-weight: bold;\"><strong>Lectura 16 de diciembre: \u00abLa biblioteca de los libros rechazados\u00bb. <\/strong><\/h3>\n<h3 style=\"font-family: Ruda; font-size: 13pt; color: #222; font-weight: bold;\"><strong>David Foenkinos (2016)<\/strong><\/h3>\n<\/div><\/section><br \/>\n<section class=\"av_textblock_section \"  itemscope=\"itemscope\" itemtype=\"https:\/\/schema.org\/CreativeWork\" ><div class='avia_textblock  '   itemprop=\"text\" ><p class=\"p1\"><span style=\"font-family: Mulit; font-size: 13pt;\">F\u00e1bula\/cr\u00edtica sobre c\u00f3mo funcionan algunos escritores y, sobretodo, sus editoriales, para vender libros de \u00e9xito.<br \/>\n<\/span><\/p>\n<\/div><\/section><\/p><\/div><div class=\"flex_column av_one_half  flex_column_div av-zero-column-padding   \" style='border-radius:0px; '><div class='avia-image-container  av-styling-no-styling    avia-align-center '  itemprop=\"ImageObject\" itemscope=\"itemscope\" itemtype=\"https:\/\/schema.org\/ImageObject\"  ><div class='avia-image-container-inner'><a href='https:\/\/www.flassaders.org\/wp-content\/uploads\/2021\/12\/biblioteca_llibres-1030x1010.png' class='avia_image'  ><img class='avia_image ' src='https:\/\/www.flassaders.org\/wp-content\/uploads\/2021\/12\/biblioteca_llibres.png' alt='' title='biblioteca_llibres'  itemprop=\"thumbnailUrl\"  \/><\/a><\/div><\/div><\/div>\n\n","protected":false},"excerpt":{"rendered":"","protected":false},"author":1,"featured_media":0,"parent":0,"menu_order":0,"comment_status":"closed","ping_status":"closed","template":"","meta":{"_bbp_topic_count":0,"_bbp_reply_count":0,"_bbp_total_topic_count":0,"_bbp_total_reply_count":0,"_bbp_voice_count":0,"_bbp_anonymous_reply_count":0,"_bbp_topic_count_hidden":0,"_bbp_reply_count_hidden":0,"_bbp_forum_subforum_count":0,"footnotes":""},"class_list":["post-14472","page","type-page","status-publish","hentry"],"_links":{"self":[{"href":"https:\/\/www.flassaders.org\/es\/wp-json\/wp\/v2\/pages\/14472","targetHints":{"allow":["GET"]}}],"collection":[{"href":"https:\/\/www.flassaders.org\/es\/wp-json\/wp\/v2\/pages"}],"about":[{"href":"https:\/\/www.flassaders.org\/es\/wp-json\/wp\/v2\/types\/page"}],"author":[{"embeddable":true,"href":"https:\/\/www.flassaders.org\/es\/wp-json\/wp\/v2\/users\/1"}],"replies":[{"embeddable":true,"href":"https:\/\/www.flassaders.org\/es\/wp-json\/wp\/v2\/comments?post=14472"}],"version-history":[{"count":32,"href":"https:\/\/www.flassaders.org\/es\/wp-json\/wp\/v2\/pages\/14472\/revisions"}],"predecessor-version":[{"id":20750,"href":"https:\/\/www.flassaders.org\/es\/wp-json\/wp\/v2\/pages\/14472\/revisions\/20750"}],"wp:attachment":[{"href":"https:\/\/www.flassaders.org\/es\/wp-json\/wp\/v2\/media?parent=14472"}],"curies":[{"name":"wp","href":"https:\/\/api.w.org\/{rel}","templated":true}]}}